{"id":71,"date":"2015-02-11T18:16:42","date_gmt":"2015-02-11T18:16:42","guid":{"rendered":"http:\/\/rainer-rubbert.de\/wordpress\/?page_id=71"},"modified":"2025-06-28T22:46:35","modified_gmt":"2025-06-28T22:46:35","slug":"werke","status":"publish","type":"page","link":"https:\/\/rainer-rubbert.de\/wordpress\/werke\/","title":{"rendered":"Werke  &#8211; chronologisch \u2193"},"content":{"rendered":"<p><a href=\"http:\/\/rainer-rubbert.de\/wordpress\/wp-content\/uploads\/2015\/02\/P.png\"><img loading=\"lazy\" decoding=\"async\" class=\"alignnone wp-image-399\" src=\"http:\/\/rainer-rubbert.de\/wordpress\/wp-content\/uploads\/2015\/02\/P.png\" alt=\"P\" width=\"18\" height=\"18\" \/><\/a> Partiturausschnitt |\u00a0<a href=\"http:\/\/rainer-rubbert.de\/wordpress\/wp-content\/uploads\/2015\/02\/T.png\"><img loading=\"lazy\" decoding=\"async\" class=\"alignnone wp-image-397\" src=\"http:\/\/rainer-rubbert.de\/wordpress\/wp-content\/uploads\/2015\/02\/T.png\" alt=\"T\" width=\"18\" height=\"18\" \/><\/a> Text<br \/>\n(<em>Audio &#8211; <a href=\"http:\/\/rainer-rubbert.de\/wordpress\/wp-content\/uploads\/2015\/02\/A.png\"><img loading=\"lazy\" decoding=\"async\" class=\"alignnone wp-image-396\" src=\"http:\/\/rainer-rubbert.de\/wordpress\/wp-content\/uploads\/2015\/02\/A.png\" alt=\"A\" width=\"18\" height=\"18\" \/><\/a> und Videoaufnahmen <a style=\"color: #ea9629; text-decoration-line: underline; outline: 0px;\" href=\"http:\/\/rainer-rubbert.de\/wordpress\/wp-content\/uploads\/2015\/02\/V.png\"><img loading=\"lazy\" decoding=\"async\" class=\"alignnone wp-image-398\" src=\"http:\/\/rainer-rubbert.de\/wordpress\/wp-content\/uploads\/2015\/02\/V.png\" alt=\"V\" width=\"18\" height=\"18\" \/><\/a> ausgew\u00e4hlter Werke finden Sie unter\u00a0<\/em><strong>Audio | Video<\/strong>)<\/p>\n<p class=\"small\"><em>Bessere Suchergebnisse erzielen Sie &#8211; z.B. bei der Suche nach bestimmten<br \/>\nInstrumenten -wenn Sie auf der Seite Ihr\u00a0Suchwort\u00a0mit der<br \/>\nTastenkombiation <\/em><strong>Strg.+ F <\/strong><em>eingeben,<br \/>\ndie Ergebnisse werden farbig unterlegt angezeigt.<\/em><\/p>\n<p><em><br \/>\nin Arbeit:<\/em><br \/>\n<strong>Die Sch\u00fcsse von Paris<\/strong> (AT)<br \/>\nMusiktheater (Text: Tanja Langer)<br \/>\n<strong>_________________________________________<\/strong><\/p>\n<p><strong>Autunno ad Ascoli<\/strong> f\u00fcr Fl\u00f6te, Klarinette, Violine, Violoncello und Klavier (2025)<strong><br \/>\nUA:\u00a0<\/strong>Oktober 2025 Ascoli Piceno (IT)<br \/>\n<span style=\"color: #008080;\"><em><span style=\"color: #808000;\">Kammerorchester Hannover \u2013 Solisten | Ltg.: Hans-Christian Euler<\/span><br \/>\n<\/em><\/span><strong>_________________________________________<br \/>\n<\/strong><strong><br \/>\nContaerea celeste <\/strong>Version f\u00fcr drei Klarinetten (2002\/2025)<br \/>\n<strong>UA: <\/strong>Oktober 2025 Berlin<br \/>\n<span style=\"color: #008080;\"><em><span style=\"color: #808000;\">Trio Infinitium<\/span><br \/>\n<\/em><\/span><em>___________________________________________<\/em><\/p>\n<p><strong>Klaviermusik &#8222;&#8230;in Zeiten des Kriegs&#8220;<\/strong>(2024\/25) f\u00fcr Klavier und fixed media<br \/>\n<strong>UA: <\/strong>Mai 2025 Berlin<br \/>\n<span style=\"color: #808000;\"><em>Yoriko Ikeya<\/em><\/span><br \/>\n<em>___________________________________________<\/em><\/p>\n<p><strong>Sag nicht mit Sanftmut gute Nacht\u00a0<\/strong>(2023\/24) f\u00fcr Mezzosopran und Bariton<br \/>\n(Text: Tanja Langer, frei nach Dylan Thomas)<br \/>\n<strong>UA:\u00a0<\/strong>2024 Berlin<br \/>\n<span style=\"color: #808000;\"><em>Claudia Herr | Carlo Schmitz<\/em><\/span><br \/>\n<em>___________________________________________<\/em><\/p>\n<p><strong>L\/oops!<\/strong> (2023) f\u00fcr Saxophone und Loop station<br \/>\n<strong>UA:\u00a0<\/strong>2024 Berlin<br \/>\n<span style=\"color: #808000;\"><em>Annegret Tully<\/em><\/span><br \/>\n<em>___________________________________________<br \/>\n<\/em><\/p>\n<p><strong>\ub3c4\uc804<\/strong> <strong>D<\/strong><strong>ojeon \u2013 Enjeu <\/strong>(AT) (2022\/23) f\u00fcr f\u00fcr Daegeum, Koto, Janggu und Streichquartett<br \/>\n<span style=\"color: #000000;\"><strong>UA: <\/strong>Mai 2023, Berlin<br \/>\n<\/span><span style=\"color: #003300;\"><em><span style=\"color: #808000;\">Asian Art Ensemble<\/span><br \/>\n<\/em><\/span><em>___________________________________________<\/em><\/p>\n<p><strong>R\u00e9cif<\/strong> (2022) f\u00fcr Klavier<br \/>\n<strong>UA:<\/strong> M\u00e4rz 2023, Bayreuth<br \/>\n<span style=\"color: #008000;\"><em><span style=\"color: #808000;\">Lorenz Trottmann<\/span><br \/>\n<\/em><\/span><em>___________________________________________<\/em><\/p>\n<p><strong>D\u00e4mmerung<\/strong> f\u00fcr Ensemble (Cr., Perc., Pft., Vla., Vc., Kb)\u00a0 (2022) <em><a style=\"color: #ea9629; text-decoration-line: underline; outline: 0px;\" href=\"https:\/\/youtu.be\/AsTK76sWKB4\"><img loading=\"lazy\" decoding=\"async\" class=\"alignnone wp-image-398\" src=\"http:\/\/rainer-rubbert.de\/wordpress\/wp-content\/uploads\/2015\/02\/V.png\" alt=\"V\" width=\"18\" height=\"18\" \/><\/a><\/em><br \/>\n<em>(Auftrag der Staatsoper Unter den Linden)<\/em><br \/>\n<span style=\"color: #800080;\"><strong><span style=\"color: #000000;\">UA:<\/span><\/strong><span style=\"color: #000000;\">\u00a0September 2022, Berlin<\/span><strong><br \/>\n<\/strong><\/span><span style=\"color: #808000;\"><em>ECHO-Ensemble | Ltg.: Manuel Nawri<br \/>\n<\/em><\/span><em>___________________________________________<\/em><\/p>\n<p><strong>Des t\u00e9n\u00e8bres<\/strong> (2022) f\u00fcr Viola und Klavier<br \/>\n<strong>UA: <\/strong>April 2023, Berlin<br \/>\n<em><span style=\"color: #808000;\">Mike Flemming | Martin Schneuing\u00a0<\/span><\/em><br \/>\n<em>___________________________________________<\/em><\/p>\n<p><strong>Sziv\u00e1rv\u00e1ny &#8211; Regenbogen<\/strong> (2021\/22) f\u00fcr Cimbalom solo<br \/>\n<strong>UA:\u00a0<\/strong>2022, Berlin<br \/>\n<em><span style=\"color: #808000;\">Enik\u00f6 Ginzery<\/span><\/em><br \/>\n<em>___________________________________________<\/em><\/p>\n<p><strong>Out of the Blue <\/strong>(2021) (Text: Tanja Langer) f\u00fcr Sopran und fixed media <em><a style=\"color: #ea9629; text-decoration-line: underline; outline: 0px;\" href=\"https:\/\/youtu.be\/qo1gYDO4lEU\"><img loading=\"lazy\" decoding=\"async\" class=\"alignnone wp-image-398\" src=\"http:\/\/rainer-rubbert.de\/wordpress\/wp-content\/uploads\/2015\/02\/V.png\" alt=\"V\" width=\"18\" height=\"18\" \/><\/a><\/em><br \/>\n<strong>UA: <\/strong>Mai 2022, Stuttgart<strong><br \/>\n<\/strong><em><span style=\"color: #808000;\">Viktoriia Vitrenko<\/span><br \/>\n<\/em><em>___________________________________________<\/em><\/p>\n<p><strong>Amorces<\/strong> (2020\/21) f\u00fcr Schlagzeug Trio <em><a href=\"https:\/\/soundcloud.com\/user526824707\/amorces-fur-schlagzeugtrio-2\"><img loading=\"lazy\" decoding=\"async\" class=\"alignnone wp-image-396\" src=\"http:\/\/rainer-rubbert.de\/wordpress\/wp-content\/uploads\/2015\/02\/A.png\" alt=\"A\" width=\"18\" height=\"18\" \/><\/a><\/em><br \/>\n<em>(Auftrag von musica aperta f\u00fcr das Colores Trio)<br \/>\n<\/em><strong>UA: <\/strong>Mai 2021, Winterthur<br \/>\n<span style=\"color: #808000;\"><em>Colores Trio<\/em><br \/>\n<\/span><em>___________________________________________<\/em><\/p>\n<p>mit Johannes X. Schachtner:<br \/>\n<strong>Chac:one<\/strong> (2020) f\u00fcr Viola und Ensemble<em><br \/>\n___________________________________________<\/em><strong><br \/>\n<\/strong><em><br \/>\n<\/em><strong>Goldberg Echo <\/strong>(2020)<br \/>\nf\u00fcr Fl\u00f6te, Schlagzeug und Klavier<br \/>\n<em>___________________________________________<\/em><\/p>\n<p><strong>Brasages<\/strong> (2020) f\u00fcr Orchester<br \/>\n<em>(Deutsche Vorauswahl f\u00fcr die Weltmusiktage Shanghai 2021)<br \/>\n<\/em><em>___________________________________________<\/em><\/p>\n<p><strong>Aus Snowdens Zeit<\/strong> (2013\/20)<br \/>\nVersion f\u00fcr Akkordeon und Gitarre<br \/>\n<strong>UA:<\/strong> August 2020, Zepernick<br \/>\n<span style=\"color: #808000;\"><em>Duo Mariamagdalena<\/em><br \/>\n<\/span><em>___________________________________________<\/em><\/p>\n<p><strong>Saudades I<\/strong>\u00a0(2019)<br \/>\nf\u00fcr Fl., Ob., Trp., Pos., Akk., Harfe, Vl., 2 Vle., Vc.<br \/>\n<strong>UA:<\/strong>\u00a0 2021, Magdeburg<br \/>\n<span style=\"color: #808000;\"><em>Ensemble Junge Musik Sachsen-Anhalt<\/em><\/span><br \/>\n<em>___________________________________________<\/em><\/p>\n<p><b>depth<\/b> (2018\/19)<br \/>\nVersion f\u00fcr Kontrabassklarinette solo<br \/>\n<b>UA: <\/b>2023<br \/>\n<em><span style=\"color: #808000;\">Theo Nabicht<\/span><br \/>\n<\/em><em>___________________________________________<\/em><\/p>\n<p><strong>Germaine Richier &#8211; Je suis la femme<\/strong> f\u00fcr Mezzosopran und Klavier\u00a0<a href=\"http:\/\/rainer-rubbert.de\/wordpress\/werke\/germaine-richier-je-suis-la-femme\/\"><img loading=\"lazy\" decoding=\"async\" class=\"alignnone wp-image-399\" src=\"http:\/\/rainer-rubbert.de\/wordpress\/wp-content\/uploads\/2015\/02\/P.png\" alt=\"\" width=\"18\" height=\"18\" \/><\/a><br \/>\n(Text: Tanja Langer)(2019)<br \/>\n<strong>UA:<\/strong> Juni 2019, Berlin<br \/>\n<em><span style=\"color: #808000;\">Claudia Herr | Martin Schneuing<\/span><br \/>\n___________________________________________<br \/>\n<\/em><\/p>\n<p><strong>L&#8217;Homme et la mer<\/strong> (2018)<br \/>\n(Text: Charles Baudelaire)<br \/>\nf\u00fcr Sopran, Bassklarinette und Akkordeon<\/p>\n<p><strong>Baudelaire-Fragmente<\/strong> (2018)<br \/>\nf\u00fcr Klarinette\/Bassklarinette und Akkordeon<br \/>\n<strong>UA:<\/strong> Dezember 2018, Berlin<br \/>\n<em><span style=\"color: #808000;\">Claudia van Hasselt | Christine Pat\u00e9 | Matthias Badczong<\/span><br \/>\n<\/em>___________________________________________<\/p>\n<p><strong> Fanfare<\/strong> (2018)\u00a0<a href=\"http:\/\/rainer-rubbert.de\/wordpress\/wp-content\/uploads\/2015\/02\/Fanfare-1.-Seite.pdf\"><img loading=\"lazy\" decoding=\"async\" class=\"alignnone wp-image-399\" src=\"http:\/\/rainer-rubbert.de\/wordpress\/wp-content\/uploads\/2015\/02\/P.png\" alt=\"\" width=\"18\" height=\"18\" \/><\/a><br \/>\nf\u00fcr Blechbl\u00e4serquintett<br \/>\n___________________________________________<\/p>\n<p><strong> restriction &lt;fringeplay_3.0&gt;<\/strong> (2018)<br \/>\nMeditation f\u00fcr Klavier solo<strong><br \/>\nUA: <\/strong>Juli 2018, Berlin<strong><br \/>\n<\/strong><em><span style=\"color: #808000;\">Martin Tchiba<\/span><br \/>\n<\/em><em>______________________________________________<strong><br \/>\n<\/strong><\/em><\/p>\n<p><b>depth<\/b> (2018)<br \/>\n<em>\u00a0 \u00a0 \u00a0 \u00a0 \u00a0 \u00a0 I.\u00a0<\/em> \u00a0<a href=\"http:\/\/rainer-rubbert.de\/wordpress\/wp-content\/uploads\/2015\/02\/depth-I-1.-Seite.pdf\"><img loading=\"lazy\" decoding=\"async\" class=\"alignnone wp-image-399\" src=\"http:\/\/rainer-rubbert.de\/wordpress\/wp-content\/uploads\/2015\/02\/P.png\" alt=\"\" width=\"18\" height=\"18\" \/><br \/>\n<span style=\"color: #000000;\">\u00a0 \u00a0 \u00a0 \u00a0 \u00a0 \u00a0<em>II.<\/em><\/span>\u00a0\u00a0<\/a><a href=\"http:\/\/rainer-rubbert.de\/wordpress\/wp-content\/uploads\/2015\/02\/depth-II-1.-Seite.pdf\"><img loading=\"lazy\" decoding=\"async\" class=\"alignnone wp-image-399\" src=\"http:\/\/rainer-rubbert.de\/wordpress\/wp-content\/uploads\/2015\/02\/P.png\" alt=\"\" width=\"18\" height=\"18\" \/><\/a><br \/>\nper tuba sola<br \/>\n<b>UA: <\/b>Juli 2018, Darmstadt<br \/>\n<span style=\"color: #808000;\"><em>Jack Adler-McKean<\/em><\/span><br \/>\n<em>______________________________________________<\/em><\/p>\n<p><strong>Surging | Expanse <a href=\"http:\/\/rainer-rubbert.de\/wordpress\/wp-content\/uploads\/2015\/02\/Surging-3-Seiten.pdf\"><img loading=\"lazy\" decoding=\"async\" class=\"alignnone wp-image-399\" src=\"http:\/\/rainer-rubbert.de\/wordpress\/wp-content\/uploads\/2015\/02\/P.png\" alt=\"\" width=\"18\" height=\"18\" \/><\/a><\/strong><br \/>\nf\u00fcr Frauenchor und Harfe (2016\/17)<br \/>\n<em>Kompositionsstipendium des Berliner Senats 2016<\/em><br \/>\n<strong>UA:<\/strong> Juli 2017, Berlin<br \/>\n<span style=\"color: #808000;\"><em>Berliner Frauen-Vokalensemble (Ltg.: Lothar Knappe) Katharina Hanstedt<\/em><\/span><br \/>\n_____________________________________________<\/p>\n<p><strong>Ovartaci als Heizer im Frachtdampfer h\u00f6rt Stimmen<\/strong> (2016)\u00a0\u00a0<a href=\"http:\/\/rainer-rubbert.de\/wordpress\/wp-content\/uploads\/2015\/02\/Ovartaci-Heizer.pdf\"><img loading=\"lazy\" decoding=\"async\" class=\"alignnone wp-image-397\" src=\"http:\/\/rainer-rubbert.de\/wordpress\/wp-content\/uploads\/2015\/02\/T.png\" alt=\"\" width=\"18\" height=\"18\" \/><\/a> \u00a0<a href=\"http:\/\/rainer-rubbert.de\/wordpress\/wp-content\/uploads\/2015\/02\/Ovartaci-Heizer-2-Seiten.pdf\"><img loading=\"lazy\" decoding=\"async\" class=\"alignnone wp-image-399\" src=\"http:\/\/rainer-rubbert.de\/wordpress\/wp-content\/uploads\/2015\/02\/P.png\" alt=\"\" width=\"18\" height=\"18\" \/><\/a><br \/>\nf\u00fcr Bariton, Violoncello, Schlagzeug und Klavier<br \/>\n<em>Er\u00f6ffnungsszene der Oper Ovartaci \u2013 crazy, queer and loveable<\/em> (Text: Tanja Langer)<br \/>\n<strong>UA:<\/strong> Januar 2017, Staatsoper Berlin<br \/>\n<span style=\"color: #808000;\"><em>Thorbj\u00f6rn Bj\u00f6rnsson | Ulrike Brand | Alexandros Giovanos | Martin Schneuing<\/em><\/span><br \/>\n___________________________________________<\/p>\n<p><strong>KonzertSt\u00fcck <\/strong>(2016) f\u00fcr Horn und Klavier <a href=\"http:\/\/rainer-rubbert.de\/wordpress\/wp-content\/uploads\/2015\/02\/Konzertst\u00fcck-2-Seiten.pdf\"><img loading=\"lazy\" decoding=\"async\" class=\"alignnone wp-image-399\" src=\"http:\/\/rainer-rubbert.de\/wordpress\/wp-content\/uploads\/2015\/02\/P.png\" alt=\"\" width=\"18\" height=\"18\" \/><\/a><br \/>\n<strong>UA:\u00a0<\/strong>Oktober 2017, N\u00fcrnberg<br \/>\n<span style=\"color: #808000;\"><em>Wilfried Kr\u00fcger | Gottfried R\u00fcll<\/em><\/span><br \/>\n___________________________________________<\/p>\n<p><strong>Paula Modersohn-Becker &#8211; Portrait im Regen, Lee\u00a0<\/strong>(2016)\u00a0<a href=\"http:\/\/rainer-rubbert.de\/wordpress\/wp-content\/uploads\/2015\/02\/Paula.pdf\"><img loading=\"lazy\" decoding=\"async\" class=\"alignnone wp-image-397\" src=\"http:\/\/rainer-rubbert.de\/wordpress\/wp-content\/uploads\/2015\/02\/T.png\" alt=\"\" width=\"18\" height=\"18\" \/><\/a>\u00a0 <a href=\"http:\/\/rainer-rubbert.de\/wordpress\/wp-content\/uploads\/2015\/02\/Paula-4-Seiten.pdf\"><img loading=\"lazy\" decoding=\"async\" class=\"alignnone wp-image-399\" src=\"http:\/\/rainer-rubbert.de\/wordpress\/wp-content\/uploads\/2015\/02\/P.png\" alt=\"\" width=\"18\" height=\"18\" \/><\/a><br \/>\nf\u00fcr Mezzosopran und Klavier<br \/>\n(Text: Tanja Langer)<br \/>\n<strong>UA: <\/strong>2018, Berlin<br \/>\n<span style=\"color: #808000;\"><em>Claudia Herr | Martin Schneuing<\/em><\/span><br \/>\n___________________________________________<\/p>\n<p><strong>Wurfsendungen<\/strong>\u00a0(2015\/16)<br \/>\nZehn\u00a050-Sekundensongs |Text:\u00a0Thomas Pigor<br \/>\n(Auftrag von Deutschlandradio Kultur)<br \/>\n<span style=\"color: #808000;\"><em>Thomas Pigor<\/em><\/span><br \/>\n___________________________________________<\/p>\n<p><strong>Essential III\u00a0<\/strong>f\u00fcr zwei Klaviere\u00a0(2015)\u00a0<a title=\"Essentials III\" href=\"http:\/\/rainer-rubbert.de\/wordpress\/werke\/essentials-iii\/\"><img loading=\"lazy\" decoding=\"async\" class=\"alignnone wp-image-399\" src=\"http:\/\/rainer-rubbert.de\/wordpress\/wp-content\/uploads\/2015\/02\/P.png\" alt=\"P\" width=\"18\" height=\"18\" \/><\/a>\u00a0\u00a0<a href=\"http:\/\/rainer-rubbert.de\/wordpress\/werke\/essential-iii-video\/\"><img loading=\"lazy\" decoding=\"async\" class=\"alignnone wp-image-398\" src=\"http:\/\/rainer-rubbert.de\/wordpress\/wp-content\/uploads\/2015\/02\/V.png\" alt=\"V\" width=\"18\" height=\"18\" \/><\/a><br \/>\n(komponiert f\u00fcr ATONALE II in der Staatsoper)<br \/>\n<strong>UA:<\/strong>\u00a0Dezember\u00a02015, Berlin<br \/>\n<span style=\"color: #808000;\"><em>Pianoduo Takahashi | Lehmann<\/em><\/span><br \/>\n___________________________________________<\/p>\n<p><strong>\u00c9clat cuivre <\/strong>f\u00fcr Blechbl\u00e4serquintett (2015)\u00a0<a title=\"\u00c9clat cuivre\" href=\"http:\/\/rainer-rubbert.de\/wordpress\/werke\/eclat-cuivre\/\"><img loading=\"lazy\" decoding=\"async\" class=\"alignnone wp-image-399\" src=\"http:\/\/rainer-rubbert.de\/wordpress\/wp-content\/uploads\/2015\/02\/P.png\" alt=\"P\" width=\"18\" height=\"18\" \/><\/a><br \/>\n(Auftrag der Pyramidale Berlin)<br \/>\n<strong>UA:<\/strong>\u00a0Juli 2015, Berlin<br \/>\n<em><span style=\"color: #808000;\">Ensemble Apparat<\/span><br \/>\n<\/em>___________________________________________<\/p>\n<p><strong>Proclamazione <\/strong>f\u00fcr Violoncello und Orgel (2015) \u00a0<a title=\"Proclamazione\" href=\"http:\/\/rainer-rubbert.de\/wordpress\/werke\/proclamazione\/\"><img loading=\"lazy\" decoding=\"async\" class=\"alignnone wp-image-298 \" src=\"http:\/\/rainer-rubbert.de\/wordpress\/wp-content\/uploads\/2015\/02\/P.png\" alt=\"\" width=\"18\" height=\"18\" \/><\/a><br \/>\n<strong>UA:<\/strong> August 2015, Rom<br \/>\n<em><span style=\"color: #808000;\">Emilia Baranowska | Jean-Paul Imbert<\/span><br \/>\n<\/em>___________________________________________<\/p>\n<p><strong>Essential<\/strong>\u00a0f\u00fcr Klavier 4-h\u00e4ndig\u00a0(2014) <a title=\"Essential\" href=\"http:\/\/rainer-rubbert.de\/wordpress\/werke\/essential\/\"><img loading=\"lazy\" decoding=\"async\" class=\"alignnone wp-image-298 \" src=\"http:\/\/rainer-rubbert.de\/wordpress\/wp-content\/uploads\/2015\/02\/P.png\" alt=\"\" width=\"18\" height=\"18\" \/><br \/>\n<\/a><a href=\"http:\/\/rainer-rubbert.de\/wordpress\/wp-content\/uploads\/2015\/03\/image-0001-2.jpg\"><img loading=\"lazy\" decoding=\"async\" class=\"alignnone wp-image-1286\" src=\"http:\/\/rainer-rubbert.de\/wordpress\/wp-content\/uploads\/2015\/03\/image-0001-2-211x300.jpg\" alt=\"image-0001 (2)\" width=\"57\" height=\"81\" srcset=\"https:\/\/rainer-rubbert.de\/wordpress\/wp-content\/uploads\/2015\/03\/image-0001-2-211x300.jpg 211w, https:\/\/rainer-rubbert.de\/wordpress\/wp-content\/uploads\/2015\/03\/image-0001-2-722x1024.jpg 722w\" sizes=\"(max-width: 57px) 100vw, 57px\" \/><\/a><a title=\"Essential\" href=\"http:\/\/rainer-rubbert.de\/wordpress\/werke\/essential\/\"><br \/>\n<span style=\"color: #000000;\"><strong>UA:<\/strong>\u00a02015, Salerno<\/span><br \/>\n<\/a><\/p>\n<p>____________________________________________<\/p>\n<p><strong>Fra Snowdens tid<\/strong> f\u00fcr pr\u00e4parierte Gitarre (2014)<br \/>\n<em>\u00a0 \u00a0 \u00a0 \u00a0 \u00a0 \u00a0 \u00a0 \u00a0 I. \u00a0\u00a0<a title=\"Fra Snowdens tid\" href=\"http:\/\/rainer-rubbert.de\/wordpress\/werke\/fra-snowdens-tid\/\"><img loading=\"lazy\" decoding=\"async\" class=\"alignnone wp-image-298 \" src=\"http:\/\/rainer-rubbert.de\/wordpress\/wp-content\/uploads\/2015\/02\/P.png\" alt=\"\" width=\"18\" height=\"18\" \/><br \/>\n<\/a><\/em><em>\u00a0 \u00a0 \u00a0 \u00a0 \u00a0 \u00a0 \u00a0 \u00a0II. Lentissimo, senza tempo \u00a0\u00a0<a title=\"Fra Snowdens tid II\" href=\"http:\/\/rainer-rubbert.de\/wordpress\/werke\/fra-snowdens-tid-ii\/\"><img loading=\"lazy\" decoding=\"async\" class=\"alignnone wp-image-298 \" src=\"http:\/\/rainer-rubbert.de\/wordpress\/wp-content\/uploads\/2015\/02\/P.png\" alt=\"\" width=\"19\" height=\"19\" \/><br \/>\n<\/a><\/em><em>\u00a0 \u00a0 \u00a0 \u00a0 \u00a0 \u00a0 \u00a0 \u00a0III. Adagio, rubato \u00a0\u00a0<a title=\"Fra Snowdens tid III\" href=\"http:\/\/rainer-rubbert.de\/wordpress\/werke\/fra-snowdens-tid-iii\/\"><img loading=\"lazy\" decoding=\"async\" class=\"alignnone wp-image-298 \" src=\"http:\/\/rainer-rubbert.de\/wordpress\/wp-content\/uploads\/2015\/02\/P.png\" alt=\"\" width=\"18\" height=\"18\" \/><br \/>\n<\/a><\/em><em>\u00a0 \u00a0 \u00a0 \u00a0 \u00a0 \u00a0 \u00a0 \u00a0IV. Grave \u00a0\u00a0<a title=\"Fra Snowdens tid IV\" href=\"http:\/\/rainer-rubbert.de\/wordpress\/werke\/fra-snowdens-tid-iv\/\"><img loading=\"lazy\" decoding=\"async\" class=\"alignnone wp-image-298 \" src=\"http:\/\/rainer-rubbert.de\/wordpress\/wp-content\/uploads\/2015\/02\/P.png\" alt=\"\" width=\"18\" height=\"18\" \/><br \/>\n<\/a>\u00a0 \u00a0 \u00a0 \u00a0 \u00a0 \u00a0 \u00a0 \u00a0V. Vivo \u00a0\u00a0<a title=\"Fra Snowdens tid V\" href=\"http:\/\/rainer-rubbert.de\/wordpress\/werke\/fra-snowdens-tid-v\/\"><img loading=\"lazy\" decoding=\"async\" class=\"alignnone wp-image-298 \" src=\"http:\/\/rainer-rubbert.de\/wordpress\/wp-content\/uploads\/2015\/02\/P.png\" alt=\"\" width=\"17\" height=\"17\" \/><\/a><\/em><em><br \/>\n<\/em>(Auftrag des Norsk kulturr\u00e5d)<br \/>\n<strong>UA:<\/strong> 2014, Oslo<em><br \/>\n<em><span style=\"color: #808000;\">Ole Martin Huser-Olsen<\/span><br \/>\n<\/em><\/em>____________________________________________<\/p>\n<p><strong>Klaviertrio<\/strong> 2013 f\u00fcr Violine, Violoncello und Klavier\u00a0<a title=\"Klaviertrio \u2013 30 Sekunden\" href=\"http:\/\/rainer-rubbert.de\/wordpress\/werke\/klaviertrio-30-sekunden\/\"><img loading=\"lazy\" decoding=\"async\" class=\"alignnone wp-image-302\" src=\"http:\/\/rainer-rubbert.de\/wordpress\/wp-content\/uploads\/2015\/02\/T.png\" alt=\"T\" width=\"18\" height=\"18\" \/><\/a>\u00a0\u00a0<a title=\"Klaviertrio\" href=\"http:\/\/rainer-rubbert.de\/wordpress\/werke\/klaviertrio\/\"><img loading=\"lazy\" decoding=\"async\" class=\"alignnone wp-image-298 \" src=\"http:\/\/rainer-rubbert.de\/wordpress\/wp-content\/uploads\/2015\/02\/P.png\" alt=\"\" width=\"18\" height=\"18\" \/><\/a><br \/>\n(Auftrag des Berlin-Trios)<br \/>\n<a href=\"http:\/\/www.amazon.it\/dp\/B00WNAAMOO\"><img loading=\"lazy\" decoding=\"async\" class=\"alignnone wp-image-1285\" src=\"http:\/\/rainer-rubbert.de\/wordpress\/wp-content\/uploads\/2015\/03\/Klaviertrio-300x212.jpg\" alt=\"Klaviertrio\" width=\"124\" height=\"88\" srcset=\"https:\/\/rainer-rubbert.de\/wordpress\/wp-content\/uploads\/2015\/03\/Klaviertrio-300x212.jpg 300w, https:\/\/rainer-rubbert.de\/wordpress\/wp-content\/uploads\/2015\/03\/Klaviertrio-1024x724.jpg 1024w\" sizes=\"(max-width: 124px) 100vw, 124px\" \/><\/a><br \/>\n<strong>UA:<\/strong> M\u00e4rz 2014, Berlin<br \/>\n<em><span style=\"color: #808000;\">Christiane Edinger | Llu\u00eds Claret | Klaus Hellwig<\/span><br \/>\n<\/em>____________________________________________<\/p>\n<p><strong>Das 1. Gebot<\/strong> f\u00fcr Tenor, Bariton, Violoncello und Orgel (2013) \u00a0<a title=\"1.Gebot-Text\" href=\"http:\/\/rainer-rubbert.de\/wordpress\/werke\/1-gebot-text\/\"><img loading=\"lazy\" decoding=\"async\" class=\"alignnone wp-image-302\" src=\"http:\/\/rainer-rubbert.de\/wordpress\/wp-content\/uploads\/2015\/02\/T.png\" alt=\"T\" width=\"18\" height=\"18\" \/><br \/>\n<\/a><em>\u00a0 \u00a0 \u00a0 \u00a0 \u00a0 \u00a0 \u00a0 \u00a0I. Ich bin der Herr, dein Gott!<\/em> \u00a0<a title=\"1. Gebot I\" href=\"http:\/\/rainer-rubbert.de\/wordpress\/werke\/1-gebot-i\/\"><img loading=\"lazy\" decoding=\"async\" class=\"alignnone wp-image-298 \" src=\"http:\/\/rainer-rubbert.de\/wordpress\/wp-content\/uploads\/2015\/02\/P.png\" alt=\"\" width=\"18\" height=\"18\" \/><br \/>\n<\/a><em>\u00a0 \u00a0 \u00a0 \u00a0 \u00a0 \u00a0 \u00a0 \u00a0II. Denn so ist es Satzung&#8230;<\/em><a title=\"1. Gebot II\" href=\"http:\/\/rainer-rubbert.de\/wordpress\/werke\/1-gebot-ii\/\"> \u00a0\u00a0<img loading=\"lazy\" decoding=\"async\" class=\"alignnone wp-image-298 \" src=\"http:\/\/rainer-rubbert.de\/wordpress\/wp-content\/uploads\/2015\/02\/P.png\" alt=\"\" width=\"18\" height=\"18\" \/><\/a><br \/>\n<em>\u00a0 \u00a0 \u00a0 \u00a0 \u00a0 \u00a0 \u00a0 \u00a0III. Aber mein Volk hat nicht auf meine Stimme geh\u00f6rt\u00a0 \u00a0<\/em><a title=\"1. Gebot III\" href=\"http:\/\/rainer-rubbert.de\/wordpress\/werke\/1-gebot-iii\/\"><img loading=\"lazy\" decoding=\"async\" class=\"alignnone wp-image-298 \" src=\"http:\/\/rainer-rubbert.de\/wordpress\/wp-content\/uploads\/2015\/02\/P.png\" alt=\"\" width=\"18\" height=\"18\" \/><\/a><br \/>\n<em>\u00a0 \u00a0 \u00a0 \u00a0 \u00a0 \u00a0 \u00a0 \u00a0IV. In der Drangsal&#8230;<\/em><a title=\"1. Gebot IV\" href=\"http:\/\/rainer-rubbert.de\/wordpress\/werke\/1-gebot-iv\/\"><em> \u00a0<\/em>\u00a0<img loading=\"lazy\" decoding=\"async\" class=\"alignnone wp-image-298 \" src=\"http:\/\/rainer-rubbert.de\/wordpress\/wp-content\/uploads\/2015\/02\/P.png\" alt=\"\" width=\"18\" height=\"18\" \/><\/a><br \/>\n<em>\u00a0 \u00a0 \u00a0 \u00a0 \u00a0 \u00a0 \u00a0 \u00a0V. Und Du sollst deinen Herrn&#8230;.<\/em>\u00a0\u00a0<a title=\"1. Gebot V\" href=\"http:\/\/rainer-rubbert.de\/wordpress\/werke\/1-gebot-v\/\"><img loading=\"lazy\" decoding=\"async\" class=\"alignnone wp-image-298 \" src=\"http:\/\/rainer-rubbert.de\/wordpress\/wp-content\/uploads\/2015\/02\/P.png\" alt=\"\" width=\"18\" height=\"18\" \/><\/a><br \/>\n(Auftrag der Guardini-Stiftung)<br \/>\n<strong>UA:<\/strong> April 2013, Berlin<br \/>\n<em><span style=\"color: #808000;\">Thaisen Rusch | Philipp Mayer | Marika Gerjot | Lothar Knappe<\/span><br \/>\n____________________________________________<br \/>\n<\/em><\/p>\n<p><strong>Quatro can\u00e7\u00f5es baseadas em poemas de Fernando Pessoa<\/strong><br \/>\nf\u00fcr Solo-Sopran [mit Megaphon, Conga und Triangel] (2013) \u00a0\u00a0<a title=\"Text zu den Pessoa-Liedern\" href=\"http:\/\/rainer-rubbert.de\/wordpress\/werke\/text-zu-den-pessoa-liedern\/\"><img loading=\"lazy\" decoding=\"async\" class=\"alignnone wp-image-302\" src=\"http:\/\/rainer-rubbert.de\/wordpress\/wp-content\/uploads\/2015\/02\/T.png\" alt=\"T\" width=\"18\" height=\"18\" \/><br \/>\n<\/a><em>\u00a0 \u00a0 \u00a0 \u00a0 \u00a0 \u00a0 \u00a0 \u00a0I. O que chora \u00a0\u00a0<a title=\"Can\u00e7\u00f5es \u2013 O que chora\" href=\"http:\/\/rainer-rubbert.de\/wordpress\/werke\/cancoes-o-que-chora\/\"><img loading=\"lazy\" decoding=\"async\" class=\"alignnone wp-image-298 \" src=\"http:\/\/rainer-rubbert.de\/wordpress\/wp-content\/uploads\/2015\/02\/P.png\" alt=\"\" width=\"18\" height=\"18\" \/><\/a><a title=\"Cancoes Fernando Pessoa\" href=\"http:\/\/rainer-rubbert.de\/wordpress\/werke\/o-que-chora\/\"><br \/>\n<\/a>\u00a0 \u00a0 \u00a0 \u00a0 \u00a0 \u00a0 \u00a0 \u00a0II. \u00daltima estrela a desaparecer \u00a0\u00a0<a title=\"Can\u00e7\u00f5es \u2013 \u00daltima estrela\" href=\"http:\/\/rainer-rubbert.de\/wordpress\/cancoes-ultima-estrela\/\"><img loading=\"lazy\" decoding=\"async\" class=\"alignnone wp-image-298 \" src=\"http:\/\/rainer-rubbert.de\/wordpress\/wp-content\/uploads\/2015\/02\/P.png\" alt=\"\" width=\"18\" height=\"18\" \/><\/a><a title=\"Cancoes Fernando Pessoa\" href=\"http:\/\/rainer-rubbert.de\/wordpress\/werke\/o-que-chora\/\"><br \/>\n<\/a>\u00a0 \u00a0 \u00a0 \u00a0 \u00a0 \u00a0 \u00a0 \u00a0III. Creio<span style=\"line-height: 1.5;\">\u00a0\u00a0<\/span>\u00a0<a title=\"Can\u00e7\u00f5es \u2013 Creio\" href=\"http:\/\/rainer-rubbert.de\/wordpress\/werke\/cancoes-creio\/\"><img loading=\"lazy\" decoding=\"async\" class=\"alignnone wp-image-399\" src=\"http:\/\/rainer-rubbert.de\/wordpress\/wp-content\/uploads\/2015\/02\/P.png\" alt=\"P\" width=\"18\" height=\"18\" \/><\/a><a style=\"line-height: 1.5;\" title=\"Francesco Pessoa\" href=\"http:\/\/rainer-rubbert.de\/wordpress\/werke\/francesco-pessoa\/\"><br \/>\n<\/a>\u00a0 \u00a0 \u00a0 \u00a0 \u00a0 \u00a0 \u00a0 \u00a0IV. Quer pouco<span style=\"line-height: 1.5;\">\u00a0 \u00a0<a title=\"Can\u00e7\u00f5es \u2013 Quer pouco\" href=\"http:\/\/rainer-rubbert.de\/wordpress\/werke\/cancoes-quer-pouco\/\"><img loading=\"lazy\" decoding=\"async\" class=\"alignnone wp-image-399\" src=\"http:\/\/rainer-rubbert.de\/wordpress\/wp-content\/uploads\/2015\/02\/P.png\" alt=\"P\" width=\"18\" height=\"18\" \/><\/a>\u00a0\u00a0<\/span><\/em><a style=\"line-height: 1.5;\" title=\"Cancoes Fernando Pessoa\" href=\"http:\/\/rainer-rubbert.de\/wordpress\/werke\/o-que-chora\/\"><br \/>\n<\/a><strong style=\"line-height: 1.5;\">UA:<\/strong><span style=\"line-height: 1.5;\"> September 2013, S\u00e3o Paulo, Brasilien<br \/>\n<\/span><em style=\"line-height: 1.5;\"><span style=\"color: #808000;\">Katia Guedes<\/span><br \/>\n____________________________________________<\/em><\/p>\n<p><strong>Choralbearbeitung &#8222;Ich steh an deiner Krippen hier&#8220;<\/strong> f\u00fcr Orgel (2013) \u00a0<a title=\"Ich steh an deiner Krippen hier\" href=\"http:\/\/rainer-rubbert.de\/wordpress\/werke\/ich-steh-an-deiner-krippen-hier\/\"><img loading=\"lazy\" decoding=\"async\" class=\"alignnone wp-image-298 \" src=\"http:\/\/rainer-rubbert.de\/wordpress\/wp-content\/uploads\/2015\/02\/P.png\" alt=\"\" width=\"18\" height=\"18\" \/><\/a><br \/>\n<strong>UA:<\/strong> Dezember 2013, Berlin<br \/>\n<em><span style=\"color: #808000;\">Lothar Knappe<\/span><br \/>\n<em style=\"line-height: 1.5;\">____________________________________________<\/em>\u00a0<\/em><\/p>\n<p><strong>Bei Aldi brennt noch Licht<\/strong> f\u00fcr drei M\u00e4nnerstimmen [mit Megaphonen] (2012) \u00a0<a title=\"Bei Aldi brennt noch Licht\" href=\"http:\/\/rainer-rubbert.de\/wordpress\/werke\/bei-aldi-brennt-noch-licht\/\"><img loading=\"lazy\" decoding=\"async\" class=\"alignnone wp-image-298 \" src=\"http:\/\/rainer-rubbert.de\/wordpress\/wp-content\/uploads\/2015\/02\/P.png\" alt=\"\" width=\"18\" height=\"18\" \/><\/a><br \/>\n<span style=\"line-height: 1.5;\"><strong>UA:<\/strong> September 2012, Pyramidale XI, Berlin<br \/>\n<\/span><em><span style=\"line-height: 1.5;\"><span style=\"color: #808000;\">Thorbj\u00f6rn Bj\u00f6rnsson | Philipp Mayer | Daniel Pannermeyr<\/span><br \/>\n<em style=\"line-height: 1.5;\">____________________________________________<\/em>\u00a0<\/span><\/em><\/p>\n<p><strong>Musique pour d\u00e9courager les rossignols<\/strong> f\u00fcr singende Altblockfl\u00f6tistin (2012) \u00a0<a title=\"Musique pour d\u00b4courager\" href=\"http:\/\/rainer-rubbert.de\/wordpress\/werke\/musique-pour-dcourager\/\"><img loading=\"lazy\" decoding=\"async\" class=\"alignnone wp-image-298 \" src=\"http:\/\/rainer-rubbert.de\/wordpress\/wp-content\/uploads\/2015\/02\/P.png\" alt=\"\" width=\"18\" height=\"18\" \/><br \/>\n<\/a><em>(1. Preis beim Internationalen Kompositionswettbewerb &#8222;marenostrum&#8220;,<\/em><br \/>\n<em>Premio Citt\u00e0 di Fossacesia 2012, Edizioni Scofinarte)<\/em><br \/>\n<strong>UA:<\/strong> September 2012, Fossacesia<br \/>\n<em><span style=\"color: #808000;\">Gaby Bultmann<\/span><br \/>\n<em style=\"line-height: 1.5;\">____________________________________________<\/em><br \/>\n<\/em><\/p>\n<p><strong>Essentials <\/strong>f\u00fcr 2 Akkordeons (2012) \u00a0<a title=\"Essential f\u00fcr 2 Akkordeons\" href=\"http:\/\/rainer-rubbert.de\/wordpress\/werke\/essentials-fuer-akkordeon\/\"><img loading=\"lazy\" decoding=\"async\" class=\"alignnone wp-image-302\" src=\"http:\/\/rainer-rubbert.de\/wordpress\/wp-content\/uploads\/2015\/02\/T.png\" alt=\"T\" width=\"18\" height=\"18\" \/><br \/>\n<\/a><em>\u00a0 \u00a0 \u00a0 \u00a0 \u00a0 \u00a0 \u00a0 \u00a0I. rubato <\/em>\u00a0<a title=\"Essentials \u2013 rubato\" href=\"http:\/\/rainer-rubbert.de\/wordpress\/werke\/essentials-rubato\/\"><img loading=\"lazy\" decoding=\"async\" class=\"alignnone wp-image-399\" src=\"http:\/\/rainer-rubbert.de\/wordpress\/wp-content\/uploads\/2015\/02\/P.png\" alt=\"P\" width=\"19\" height=\"19\" \/><\/a><br \/>\n<em>\u00a0 \u00a0 \u00a0 \u00a0 \u00a0 \u00a0 \u00a0 \u00a0II. feroce\u00a0\u00a0<a title=\"Essentials \u2013 feroce\" href=\"http:\/\/rainer-rubbert.de\/wordpress\/werke\/essentials-feroce\/\"><img loading=\"lazy\" decoding=\"async\" class=\"alignnone wp-image-298\" src=\"http:\/\/rainer-rubbert.de\/wordpress\/wp-content\/uploads\/2015\/02\/P.png\" alt=\"P\" width=\"18\" height=\"18\" \/><br \/>\n<\/a>\u00a0 \u00a0 \u00a0 \u00a0 \u00a0 \u00a0 \u00a0 \u00a0III. lento\u00a0 \u00a0<\/em><a title=\"Essentials \u2013 lento\" href=\"http:\/\/rainer-rubbert.de\/wordpress\/werke\/essentials-lento\/\"><em><img loading=\"lazy\" decoding=\"async\" class=\"alignnone wp-image-298\" src=\"http:\/\/rainer-rubbert.de\/wordpress\/wp-content\/uploads\/2015\/02\/P.png\" alt=\"P\" width=\"18\" height=\"18\" \/><\/em><br \/>\n<\/a><strong>UA:<\/strong> Juli 2012, XX. RANDSPIELE Zepernick<br \/>\n<em><span style=\"color: #808000;\">Christine Pat\u00e9 | Franka Herwig<\/span><br \/>\n<em style=\"line-height: 1.5;\">____________________________________________<\/em><\/em><\/p>\n<p><strong>Toccata <\/strong>f\u00fcr Fl\u00f6te solo (2011\/12)<strong> \u00a0<a title=\"Toccata f\u00fcr Fl\u00f6te\" href=\"http:\/\/rainer-rubbert.de\/wordpress\/werke\/toccata-fuer-floete\/\"><img loading=\"lazy\" decoding=\"async\" class=\"alignnone wp-image-298\" src=\"http:\/\/rainer-rubbert.de\/wordpress\/wp-content\/uploads\/2015\/02\/P.png\" alt=\"P\" width=\"18\" height=\"18\" \/><\/a><\/strong><br \/>\n<strong>UA:<\/strong> Juni 2012, Berlin<br \/>\n<em><span style=\"color: #808000;\">Carin Levine<\/span><br \/>\n<em style=\"line-height: 1.5;\">____________________________________________<\/em><\/em><\/p>\n<p><strong>Shortcuts <\/strong>f\u00fcr Harfe solo (2011)<strong>\u00a0<a title=\"Shortcuts\" href=\"http:\/\/rainer-rubbert.de\/wordpress\/werke\/shortcuts\/\"><img loading=\"lazy\" decoding=\"async\" class=\"alignnone wp-image-298\" src=\"http:\/\/rainer-rubbert.de\/wordpress\/wp-content\/uploads\/2015\/02\/P.png\" alt=\"P\" width=\"17\" height=\"17\" \/><\/a><\/strong><br \/>\n<strong>UA:<\/strong> Juni 2012, Berlin<br \/>\n<em><span style=\"color: #808000;\">Katharina Hanstedt<\/span><br \/>\n<em style=\"line-height: 1.5;\">____________________________________________<\/em><br \/>\n<\/em><\/p>\n<p><strong>Shortcuts II <\/strong>zu Songs der Popette Betancor (2011)<br \/>\nf\u00fcr 2 Violinen<br \/>\n<em><span style=\"color: #808000;\">Matthias Leupold<\/span><br \/>\n<em style=\"line-height: 1.5;\">____________________________________________<\/em><br \/>\n<\/em><\/p>\n<p><strong>Shortcuts III <\/strong>f\u00fcr Heinrich und Henriette<br \/>\n<em>\u00a0 \u00a0 \u00a0 \u00a0 \u00a0 \u00a0 \u00a0 \u00a0I. Warum denke ich daran? \u00a0<a title=\"Shortcuts \u2013 Warum denke ich daran?\" href=\"http:\/\/rainer-rubbert.de\/wordpress\/werke\/shortcuts-warum-denke-ich-daran\/\"><img loading=\"lazy\" decoding=\"async\" class=\"alignnone wp-image-399\" src=\"http:\/\/rainer-rubbert.de\/wordpress\/wp-content\/uploads\/2015\/02\/P.png\" alt=\"P\" width=\"18\" height=\"18\" \/><\/a><\/em><br \/>\n<em>\u00a0 \u00a0 \u00a0 \u00a0 \u00a0 \u00a0 \u00a0 \u00a0II. Was willst du noch!? \u00a0<a title=\"Shortcuts \u2013 Was willst Du?\" href=\"http:\/\/rainer-rubbert.de\/wordpress\/werke\/shortcuts-was-willst-du\/\"><img loading=\"lazy\" decoding=\"async\" class=\"alignnone wp-image-399\" src=\"http:\/\/rainer-rubbert.de\/wordpress\/wp-content\/uploads\/2015\/02\/P.png\" alt=\"P\" width=\"18\" height=\"18\" \/><\/a><\/em><br \/>\n<em>\u00a0 \u00a0 \u00a0 \u00a0 \u00a0 \u00a0 \u00a0 \u00a0III. Was macht er denn da? \u00a0<a title=\"Shortcuts \u2013 Was macht er da?\" href=\"http:\/\/rainer-rubbert.de\/wordpress\/werke\/shortcuts-was-macht-er-da\/\"><img loading=\"lazy\" decoding=\"async\" class=\"alignnone wp-image-399\" src=\"http:\/\/rainer-rubbert.de\/wordpress\/wp-content\/uploads\/2015\/02\/P.png\" alt=\"P\" width=\"18\" height=\"18\" \/><\/a><\/em><br \/>\n<em>\u00a0 \u00a0 \u00a0 \u00a0 \u00a0 \u00a0 \u00a0 \u00a0IV. Wie grausam&#8230; \u00a0<a title=\"Shortcuts \u2013 Wie grausam!\" href=\"http:\/\/rainer-rubbert.de\/wordpress\/werke\/shortcuts-wie-grausam\/\"><img loading=\"lazy\" decoding=\"async\" class=\"alignnone wp-image-399\" src=\"http:\/\/rainer-rubbert.de\/wordpress\/wp-content\/uploads\/2015\/02\/P.png\" alt=\"P\" width=\"18\" height=\"18\" \/><\/a><\/em><br \/>\nText: Tanja Langer<br \/>\nf\u00fcr Mezzosopran,Bariton und Klavier<br \/>\n<strong>UA:<\/strong> Mai 2011, Villa Elisabeth, Berlin<br \/>\n<em><span style=\"color: #808000;\">Gesa Hoppe | Thorbj\u00f6rn Bj\u00f6rnsson | Martin Schneuing<\/span><br \/>\n<em style=\"line-height: 1.5;\">____________________________________________<\/em><br \/>\n<\/em><\/p>\n<p><strong>Je ne vais pas te dire&#8230; <\/strong>f\u00fcr Bass und Klavier<strong> \u00a0<a title=\"Je ne vais pas te dire\" href=\"http:\/\/rainer-rubbert.de\/wordpress\/werke\/je-ne-vais-pas-te-dire\/\"><img loading=\"lazy\" decoding=\"async\" class=\"alignnone wp-image-399\" src=\"http:\/\/rainer-rubbert.de\/wordpress\/wp-content\/uploads\/2015\/02\/P.png\" alt=\"P\" width=\"18\" height=\"18\" \/><\/a><\/strong><br \/>\n<strong>UA:<\/strong> Februar 2014, Berlin<br \/>\n<em><span style=\"color: #808000;\">Ludwig Obst | Martin Schneuing<\/span><br \/>\n<em style=\"line-height: 1.5;\">____________________________________________<\/em><br \/>\n<\/em><\/p>\n<p><strong>Hilfe Rufe f\u00fcr Sopran<\/strong>\u00a0[mit Megaphon], Schlagzeug und Kontrabass (2010\/11)<br \/>\n<em>\u00a0 \u00a0 \u00a0 \u00a0 \u00a0 \u00a0 \u00a0 \u00a0I. chinesisch\u00a0 <a title=\"Hilfe Rufe \u2013 chinesisch\" href=\"http:\/\/rainer-rubbert.de\/wordpress\/werke\/hilferufe-chinesisch\/\"><img loading=\"lazy\" decoding=\"async\" class=\"alignnone wp-image-399\" src=\"http:\/\/rainer-rubbert.de\/wordpress\/wp-content\/uploads\/2015\/02\/P.png\" alt=\"P\" width=\"18\" height=\"18\" \/><\/a><\/em><br \/>\n<em>\u00a0 \u00a0 \u00a0 \u00a0 \u00a0 \u00a0 \u00a0 \u00a0II. t\u00fcrkisch\u00a0<a title=\"Hilfe Rufe \u00a0\u2013 t\u00fcrkisch\" href=\"http:\/\/rainer-rubbert.de\/wordpress\/werke\/hilferufe-tuerkisch\/\"><img loading=\"lazy\" decoding=\"async\" class=\"alignnone wp-image-399\" src=\"http:\/\/rainer-rubbert.de\/wordpress\/wp-content\/uploads\/2015\/02\/P.png\" alt=\"P\" width=\"18\" height=\"18\" \/><br \/>\n<\/a>\u00a0 \u00a0 \u00a0 \u00a0 \u00a0 \u00a0 \u00a0 \u00a0III. englisch\u00a0<\/em><em>\u00a0<a title=\"Hilfe Rufe \u2013 englisch\" href=\"http:\/\/rainer-rubbert.de\/wordpress\/werke\/hilferufe-englisch\/\"><img loading=\"lazy\" decoding=\"async\" class=\"alignnone wp-image-399\" src=\"http:\/\/rainer-rubbert.de\/wordpress\/wp-content\/uploads\/2015\/02\/P.png\" alt=\"P\" width=\"18\" height=\"18\" \/><br \/>\n<\/a>\u00a0 \u00a0 \u00a0 \u00a0 \u00a0 \u00a0 \u00a0 \u00a0IV. peul\/wolof \u00a0\u00a0<a title=\"Hilfe Rufe \u2013 peul-wolof\" href=\"http:\/\/rainer-rubbert.de\/wordpress\/werke\/hilferufe-peul-wolof\/\"><img loading=\"lazy\" decoding=\"async\" class=\"alignnone wp-image-399\" src=\"http:\/\/rainer-rubbert.de\/wordpress\/wp-content\/uploads\/2015\/02\/P.png\" alt=\"P\" width=\"18\" height=\"18\" \/><\/a><\/em><br \/>\n<em>\u00a0 \u00a0 \u00a0 \u00a0 \u00a0 \u00a0 \u00a0 \u00a0V. deutsch \u00a0<a title=\"Hilfe Rufe \u2013 deutsch\" href=\"http:\/\/rainer-rubbert.de\/wordpress\/werke\/hilferufe-deutsch\/\"><img loading=\"lazy\" decoding=\"async\" class=\"alignnone wp-image-399\" src=\"http:\/\/rainer-rubbert.de\/wordpress\/wp-content\/uploads\/2015\/02\/P.png\" alt=\"P\" width=\"18\" height=\"18\" \/><\/a><\/em><br \/>\n<em>\u00a0 \u00a0 \u00a0 \u00a0 \u00a0 \u00a0 \u00a0 \u00a0VI. franz\u00f6sisch\u00a0<a title=\"Hilfe Rufe \u2013 franz\u00f6sisch\" href=\"http:\/\/rainer-rubbert.de\/wordpress\/werke\/hilferufe-franzoesisch\/\"><img loading=\"lazy\" decoding=\"async\" class=\"alignnone wp-image-399\" src=\"http:\/\/rainer-rubbert.de\/wordpress\/wp-content\/uploads\/2015\/02\/P.png\" alt=\"P\" width=\"18\" height=\"18\" \/><\/a><\/em><br \/>\n<strong>UA:<\/strong> Oktober 2011, Pyramidale X<br \/>\n<em><span style=\"color: #808000;\">Katia Guedes | Sabrina Ma | Matthias Bauer<\/span><br \/>\n<em style=\"line-height: 1.5;\">____________________________________________<\/em><\/em><\/p>\n<p><strong>Trois Adieux III <\/strong>f\u00fcr 2 Klaviere und 2 Schlagzeuger (2010)<strong> \u00a0\u00a0<a title=\"Trois Adieux\" href=\"http:\/\/rainer-rubbert.de\/wordpress\/werke\/trois-adieux\/\"><img loading=\"lazy\" decoding=\"async\" class=\"alignnone wp-image-399\" src=\"http:\/\/rainer-rubbert.de\/wordpress\/wp-content\/uploads\/2015\/02\/P.png\" alt=\"P\" width=\"18\" height=\"18\" \/><\/a><\/strong><br \/>\n(Auftrag des Ensemble BerlinPercussion)<br \/>\n<strong>UA:<\/strong> Mai 2010, Berlin<br \/>\n<em><span style=\"color: #808000;\">Ensemble BerlinPercussion<\/span><br \/>\n<em style=\"line-height: 1.5;\">____________________________________________<\/em><\/em><\/p>\n<p><strong>La Pri\u00e8re sur l\u2019Enfant mort<\/strong> f\u00fcr Violoncello und Streichquartett (2009)<strong> \u00a0<a title=\"La Pri\u00e8re sur l\u2019Enfant Mort\" href=\"http:\/\/rainer-rubbert.de\/wordpress\/werke\/la-priere-sur-lenfant-mort\/\"><img loading=\"lazy\" decoding=\"async\" class=\"alignnone wp-image-399\" src=\"http:\/\/rainer-rubbert.de\/wordpress\/wp-content\/uploads\/2015\/02\/P.png\" alt=\"P\" width=\"19\" height=\"19\" \/><\/a><\/strong><br \/>\n<strong>UA:<\/strong> Juni 2009, Berlin<br \/>\n<em><span style=\"color: #808000;\">Emilia Baranovska | HORS Quartett<\/span><br \/>\n<em style=\"line-height: 1.5;\">____________________________________________<\/em><br \/>\n<\/em><\/p>\n<p><strong>Niki de Saint Phalle \u2013 F\u00fcrchterlich ist die Braut am Abend \u00a0<a title=\"Niki \u2013 Text und Bio\" href=\"http:\/\/rainer-rubbert.de\/wordpress\/werke\/niki-text-und-bio\/\"><img loading=\"lazy\" decoding=\"async\" class=\"alignnone wp-image-397\" src=\"http:\/\/rainer-rubbert.de\/wordpress\/wp-content\/uploads\/2015\/02\/T.png\" alt=\"T\" width=\"18\" height=\"18\" \/><\/a>\u00a0\u00a0<a title=\"Niki de Saint Phalle \u2013 F\u00fcrchterlich ist die Braut am Abend\" href=\"http:\/\/rainer-rubbert.de\/wordpress\/werke\/niki-de-saint-phalle-fuerchterlich-ist-die-braut-am-abend\/\"><img loading=\"lazy\" decoding=\"async\" class=\"alignnone wp-image-399\" src=\"http:\/\/rainer-rubbert.de\/wordpress\/wp-content\/uploads\/2015\/02\/P.png\" alt=\"P\" width=\"18\" height=\"18\" \/><\/a><\/strong><br \/>\nf\u00fcr Mezzosopran und Klavier (2009)<br \/>\n(Text: Tanja Langer)<br \/>\n<strong>UA:<\/strong> 2010, Berlin<br \/>\n<em>Verlag Ries &amp; Erler<br \/>\n<span style=\"color: #808000;\">Claudia Herr | Martin Schneuing<\/span><\/em><br \/>\n<em><em style=\"line-height: 1.5;\">____________________________________________<\/em><\/em><\/p>\n<p><strong>Frida Kahlo \u2013 Liebeslied an das Leben<br \/>\n<\/strong>f\u00fcr Mezzosopran\/Alt und Klavier (2009)<strong>\u00a0<a title=\"Frida Kahlo \u2013 Text\" href=\"http:\/\/rainer-rubbert.de\/wordpress\/werke\/frida-kahlo-text-2\/\"><img loading=\"lazy\" decoding=\"async\" class=\"alignnone wp-image-397\" src=\"http:\/\/rainer-rubbert.de\/wordpress\/wp-content\/uploads\/2015\/02\/T.png\" alt=\"T\" width=\"18\" height=\"18\" \/><\/a>\u00a0\u00a0<a title=\"Frida Kahlo \u2013 Liebeslied an das Leben\" href=\"http:\/\/rainer-rubbert.de\/wordpress\/werke\/frida-kahlo-liebeslied-an-das-leben\/\"><img loading=\"lazy\" decoding=\"async\" class=\"alignnone wp-image-399\" src=\"http:\/\/rainer-rubbert.de\/wordpress\/wp-content\/uploads\/2015\/02\/P.png\" alt=\"P\" width=\"18\" height=\"18\" \/><\/a><\/strong><br \/>\n(Text: Tanja Langer)<br \/>\n<strong>UA:<\/strong> 2009, Berlin<br \/>\n<em>Verlag Ries &amp; Erler<br \/>\n<span style=\"color: #808000;\">Claudia Herr | Martin Schneuing<\/span><\/em><br \/>\n<em><em style=\"line-height: 1.5;\">____________________________________________<\/em><\/em><\/p>\n<p><strong>&#8230;perch\u00e9 solo in una notte fonda brillano le stelle <\/strong><strong><br \/>\n<\/strong>Version f\u00fcr Harfe und Klavier\u00a0(2002\/2009) \u00a0<a title=\"perche solo in una notte\" href=\"http:\/\/rainer-rubbert.de\/wordpress\/werke\/perche-solo-in-una-notte\/\"><img loading=\"lazy\" decoding=\"async\" class=\"alignnone wp-image-399\" src=\"http:\/\/rainer-rubbert.de\/wordpress\/wp-content\/uploads\/2015\/02\/P.png\" alt=\"P\" width=\"18\" height=\"18\" \/><\/a><br \/>\n<strong>UA:<\/strong> Mai 2010, Brandenburg\/Havel<br \/>\n<em><span style=\"color: #808000;\">Katharina Hanstedt | El\u017cbieta Sternlicht<\/span><br \/>\n<em style=\"line-height: 1.5;\">____________________________________________<\/em><\/em><\/p>\n<p><strong>Camille Claudel \u2013 Einst war ich sch\u00f6n<br \/>\n<\/strong>Szene f\u00fcr Mezzosopran und Klavier (2008)<strong> \u00a0<a title=\"Camille Claudel \u2013 Text\" href=\"http:\/\/rainer-rubbert.de\/wordpress\/werke\/frida-kahlo-text\/\"><img loading=\"lazy\" decoding=\"async\" class=\"alignnone wp-image-397\" src=\"http:\/\/rainer-rubbert.de\/wordpress\/wp-content\/uploads\/2015\/02\/T.png\" alt=\"T\" width=\"18\" height=\"18\" \/><\/a>\u00a0\u00a0<a title=\"Camille Claudel \u2013 Einst war ich sch\u00f6n\" href=\"http:\/\/rainer-rubbert.de\/wordpress\/werke\/camille-claudel-einst-war-ich-schoen\/\"><img loading=\"lazy\" decoding=\"async\" class=\"alignnone wp-image-399\" src=\"http:\/\/rainer-rubbert.de\/wordpress\/wp-content\/uploads\/2015\/02\/P.png\" alt=\"P\" width=\"18\" height=\"18\" \/><\/a><\/strong><br \/>\n(Text: Tanja Langer)<br \/>\n<strong>UA:<\/strong> Nov. 2008, Berlin<br \/>\n<em>Verlag Ries &amp; Erler<\/em><br \/>\n<span style=\"color: #808000;\"><em>Claudia Herr | Liana Narubina<\/em><\/span><br \/>\n<em><em style=\"line-height: 1.5;\">____________________________________________<\/em><\/em><\/p>\n<p><strong>Extraits \u00a0<\/strong>(2008)<em><br \/>\n<\/em><i>\u00a0 \u00a0 \u00a0 \u00a0 \u00a0 \u00a0 \u00a0\u00a0<\/i><strong>I. Toccata<\/strong> f\u00fcr Klarinette solo<em> \u00a0\u00a0<\/em><strong><a title=\"Toccata f\u00fcr Klarinette\" href=\"http:\/\/rainer-rubbert.de\/wordpress\/werke\/toccata-fuer-klarinette\/\"><img loading=\"lazy\" decoding=\"async\" class=\"alignnone wp-image-399\" src=\"http:\/\/rainer-rubbert.de\/wordpress\/wp-content\/uploads\/2015\/02\/P.png\" alt=\"P\" width=\"18\" height=\"18\" \/><\/a>\u00a0 \u00a0<\/strong><br \/>\n<em>\u00a0 \u00a0 \u00a0 \u00a0 \u00a0 \u00a0 \u00a0 <\/em><strong>II. Elegie<\/strong> f\u00fcr Horn solo<em> \u00a0<a title=\"Elegie f\u00fcr Horn\" href=\"http:\/\/rainer-rubbert.de\/wordpress\/werke\/elegie-fuer-horn\/\"><img loading=\"lazy\" decoding=\"async\" class=\"alignnone wp-image-399\" src=\"http:\/\/rainer-rubbert.de\/wordpress\/wp-content\/uploads\/2015\/02\/P.png\" alt=\"P\" width=\"18\" height=\"18\" \/><br \/>\n<\/a>\u00a0 \u00a0 \u00a0 \u00a0 \u00a0 \u00a0 \u00a0\u00a0<\/em><strong>III. Capriccio <\/strong>f\u00fcr Fagott solo<em> \u00a0<\/em><a title=\"Capriccio f\u00fcr Fagott\" href=\"http:\/\/rainer-rubbert.de\/wordpress\/werke\/capriccio-fuer-fagott\/\"><em><img loading=\"lazy\" decoding=\"async\" class=\"alignnone wp-image-399\" src=\"http:\/\/rainer-rubbert.de\/wordpress\/wp-content\/uploads\/2015\/02\/P.png\" alt=\"P\" width=\"18\" height=\"18\" \/><br \/>\n<\/em><\/a><em><a href=\"http:\/\/shop.rieserler.de\/product_info.php?info=2940\"><img loading=\"lazy\" decoding=\"async\" class=\"alignnone wp-image-1282\" src=\"http:\/\/rainer-rubbert.de\/wordpress\/wp-content\/uploads\/2015\/03\/image-0003-212x300.jpg\" alt=\"image-0003\" width=\"65\" height=\"92\" srcset=\"https:\/\/rainer-rubbert.de\/wordpress\/wp-content\/uploads\/2015\/03\/image-0003-212x300.jpg 212w, https:\/\/rainer-rubbert.de\/wordpress\/wp-content\/uploads\/2015\/03\/image-0003-725x1024.jpg 725w\" sizes=\"(max-width: 65px) 100vw, 65px\" \/><\/a> <a href=\"http:\/\/shop.rieserler.de\/product_info.php?info=2938\"><img loading=\"lazy\" decoding=\"async\" class=\"alignnone wp-image-1281\" src=\"http:\/\/rainer-rubbert.de\/wordpress\/wp-content\/uploads\/2015\/03\/image-0002-212x300.jpg\" alt=\"image-0002\" width=\"65\" height=\"92\" srcset=\"https:\/\/rainer-rubbert.de\/wordpress\/wp-content\/uploads\/2015\/03\/image-0002-212x300.jpg 212w, https:\/\/rainer-rubbert.de\/wordpress\/wp-content\/uploads\/2015\/03\/image-0002-725x1024.jpg 725w\" sizes=\"(max-width: 65px) 100vw, 65px\" \/><\/a> <a href=\"http:\/\/shop.rieserler.de\/product_info.php?info=2939\"><img loading=\"lazy\" decoding=\"async\" class=\"alignnone wp-image-1280\" src=\"http:\/\/rainer-rubbert.de\/wordpress\/wp-content\/uploads\/2015\/03\/image-0001-212x300.jpg\" alt=\"image-0001\" width=\"65\" height=\"92\" srcset=\"https:\/\/rainer-rubbert.de\/wordpress\/wp-content\/uploads\/2015\/03\/image-0001-212x300.jpg 212w, https:\/\/rainer-rubbert.de\/wordpress\/wp-content\/uploads\/2015\/03\/image-0001-725x1024.jpg 725w\" sizes=\"(max-width: 65px) 100vw, 65px\" \/><\/a><\/em><br \/>\n<strong>UA:<\/strong> Dezember 2008, N\u00fcrnberg<br \/>\n<span style=\"line-height: 1.5;\"><em><span style=\"color: #808000;\">KlangKonzepteEnsemble<\/span><br \/>\n<\/em><em><em style=\"line-height: 1.5;\">____________________________________________<\/em><\/em><br \/>\n<\/span><\/p>\n<p><strong>relations<\/strong> (1986\/2008)<br \/>\n<span style=\"line-height: 1.5;\">f\u00fcr Posaune und Schlagzeug<br \/>\n<\/span><span style=\"line-height: 1.5;\"><strong>UA:<\/strong> M\u00e4rz 2009, Berlin<br \/>\n<\/span><span style=\"line-height: 1.5;\"><em><span style=\"color: #808000;\">Florian Juncker<\/span><br \/>\n<em style=\"line-height: 1.5;\">____________________________________________<\/em><\/em><\/span><\/p>\n<p><strong>Kleist \u00a0Oper<\/strong> in 4 Akten (2006\/07)<strong>\u00a0\u00a0<a title=\"Kurzinhalt\" href=\"http:\/\/rainer-rubbert.de\/wordpress\/oper\/kurzinhalt\/\"><img loading=\"lazy\" decoding=\"async\" class=\"alignnone wp-image-397\" src=\"http:\/\/rainer-rubbert.de\/wordpress\/wp-content\/uploads\/2015\/02\/T.png\" alt=\"T\" width=\"18\" height=\"18\" \/><\/a><\/strong><br \/>\nLibretto: Tanja Langer<br \/>\nDetails siehe\u00a0 <strong><a title=\"Oper\" href=\"http:\/\/rainer-rubbert.de\/wordpress\/oper\/\">\u2192 Oper<\/a><\/strong><br \/>\n(Auftrag des Brandenburger Theaters)<br \/>\n<strong>UA:<\/strong> M\u00e4rz 2008, Brandenburger Theater<br \/>\nVerlag Ries &amp; Erler<br \/>\n<em><em style=\"line-height: 1.5;\">____________________________________________<\/em><\/em><\/p>\n<p><strong>Solo und Signal <\/strong>f\u00fcr Horn, Klavier und Schlagzeug (2005)<br \/>\n<strong>UA:<\/strong> Juni 2005, Berlin<br \/>\n<em><span style=\"color: #808000;\">Noam Yogev | Arno Waschk | Percussemble Berlin<\/span><br \/>\n<em style=\"line-height: 1.5;\">____________________________________________<\/em><br \/>\n<\/em><\/p>\n<p><strong>&#8230;cette obscure clart\u00e9 qui tombe des \u00e9toiles (RWV 1088) <\/strong>f\u00fcr Klavier (2005)<strong> \u00a0<a title=\"cette obscure clart\u00e9 qui tombe \u2026\" href=\"http:\/\/rainer-rubbert.de\/wordpress\/werke\/cette-obscure-clarte-qui-tombe\/\"><img loading=\"lazy\" decoding=\"async\" class=\"alignnone wp-image-399\" src=\"http:\/\/rainer-rubbert.de\/wordpress\/wp-content\/uploads\/2015\/02\/P.png\" alt=\"P\" width=\"18\" height=\"18\" \/><\/a><\/strong><br \/>\n<strong>UA:<\/strong> Okt. 2005<br \/>\n<em><span style=\"color: #808000;\">El\u017cbieta Sternlicht<\/span><br \/>\n<em style=\"line-height: 1.5;\">____________________________________________<\/em><\/em><\/p>\n<p><strong>W\u00fcste Fruchtbarkeit<\/strong> f\u00fcr Englisch Horn, Horn, Schlagzeug, Violoncello,<br \/>\nKontrabass, Klavier\u00a0und Solo-Violine (2005)\u00a0\u00a0<a title=\"W\u00fcste Fruchtbarkeit\" href=\"http:\/\/rainer-rubbert.de\/wordpress\/werke\/wueste-fruchtbarkeit\/\"><img loading=\"lazy\" decoding=\"async\" class=\"alignnone wp-image-399\" src=\"http:\/\/rainer-rubbert.de\/wordpress\/wp-content\/uploads\/2015\/02\/P.png\" alt=\"P\" width=\"18\" height=\"18\" \/><\/a><br \/>\n(Auftrag der Klangwerkstatt Berlin)<br \/>\n<span style=\"line-height: 1.5;\"><strong>UA:<\/strong> Nov. 2005<br \/>\n<\/span><em><span style=\"line-height: 1.5;\"><span style=\"color: #808000;\">Ensemble Junge Musik | Solo-Violine: Susanne Zapf<\/span><br \/>\n<em style=\"line-height: 1.5;\">____________________________________________<\/em><br \/>\n<\/span><\/em><\/p>\n<p><strong> Cadenza \u2013 In Memoriam F.H.<\/strong> f\u00fcr Violine solo (2005)\u00a0<a title=\"Cadenza\" href=\"http:\/\/rainer-rubbert.de\/wordpress\/werke\/cadenza-3\/\"><img loading=\"lazy\" decoding=\"async\" class=\"alignnone wp-image-399\" src=\"http:\/\/rainer-rubbert.de\/wordpress\/wp-content\/uploads\/2015\/02\/P.png\" alt=\"P\" width=\"18\" height=\"18\" \/><\/a>\u00a0<strong>\u00a0<a title=\"Cadenza\" href=\"http:\/\/rainer-rubbert.de\/wordpress\/werke\/cadenza-2\/\"><img loading=\"lazy\" decoding=\"async\" class=\"alignnone wp-image-397\" src=\"http:\/\/rainer-rubbert.de\/wordpress\/wp-content\/uploads\/2015\/02\/T.png\" alt=\"T\" width=\"18\" height=\"18\" \/><\/a>\u00a0 \u00a0<\/strong><br \/>\n(Auftrag der GEDOK Berlin)<br \/>\n<strong>UA:<\/strong> Dez. 2005<br \/>\n<em><span style=\"color: #808000;\">Marianne Boettcher<\/span><br \/>\n<span style=\"line-height: 1.5;\"><em style=\"line-height: 1.5;\">____________________________________________<\/em><\/span><\/em><\/p>\n<p><strong>deadline <\/strong>f\u00fcr Alt-Saxophon in Es und Klavier (2004)<strong>\u00a0\u00a0<a title=\"deadline\" href=\"http:\/\/rainer-rubbert.de\/wordpress\/werke\/deadline\/\"><img loading=\"lazy\" decoding=\"async\" class=\"alignnone wp-image-399\" src=\"http:\/\/rainer-rubbert.de\/wordpress\/wp-content\/uploads\/2015\/02\/P.png\" alt=\"P\" width=\"18\" height=\"18\" \/><\/a><\/strong><br \/>\n<strong>UA:<\/strong> 2005, Reutlingen<br \/>\n<em><span style=\"color: #808000;\">Frank Lunte | Tatjana Blome<\/span><br \/>\n<span style=\"line-height: 1.5;\"><em style=\"line-height: 1.5;\">____________________________________________<\/em><\/span><br \/>\n<\/em><\/p>\n<p><strong>Sisyphos<\/strong> f\u00fcr Saxophonquartett und Streichquartett (2004)\u00a0<strong><a title=\"Sisyphos\" href=\"http:\/\/rainer-rubbert.de\/wordpress\/werke\/sisyphos\/\"><img loading=\"lazy\" decoding=\"async\" class=\"alignnone wp-image-399\" src=\"http:\/\/rainer-rubbert.de\/wordpress\/wp-content\/uploads\/2015\/02\/P.png\" alt=\"P\" width=\"18\" height=\"18\" \/><\/a><\/strong><br \/>\n<strong>UA:<\/strong> Okt. 2004, Pyramidale Berlin<br \/>\n<em><span style=\"color: #808000;\">Saxophonquartett clair &#8211; obscur<\/span><br \/>\n<span style=\"line-height: 1.5;\"><em style=\"line-height: 1.5;\">____________________________________________<\/em><\/span><\/em><\/p>\n<p><strong>Lange Kerls <\/strong>f\u00fcr Kammerensemble (2003)<strong> \u00a0\u00a0<a title=\"Lange Kerls\" href=\"http:\/\/rainer-rubbert.de\/wordpress\/werke\/lange-kerls\/\"><img loading=\"lazy\" decoding=\"async\" class=\"alignnone wp-image-399\" src=\"http:\/\/rainer-rubbert.de\/wordpress\/wp-content\/uploads\/2015\/02\/P.png\" alt=\"P\" width=\"18\" height=\"18\" \/><\/a><\/strong><br \/>\n(Auftrag der Akademie der K\u00fcnste)<br \/>\n<strong>UA:<\/strong> Februar 2003<br \/>\n<em><span style=\"color: #808000;\">Kammerakademie Potsdam<\/span><br \/>\n<span style=\"line-height: 1.5;\"><em style=\"line-height: 1.5;\">____________________________________________<\/em><\/span><br \/>\n<\/em><\/p>\n<p><strong>Schlacht Rufe <\/strong>f\u00fcr Frauenstimme (Sopran) und Live-Elektronik (2003) \u00a0<strong><a title=\"Schlacht Rufe f\u00fcr Frauenstimme\" href=\"http:\/\/rainer-rubbert.de\/wordpress\/werke\/schlacht-rufe-fuer-frauenstimme\/\"><img loading=\"lazy\" decoding=\"async\" class=\"alignnone wp-image-399\" src=\"http:\/\/rainer-rubbert.de\/wordpress\/wp-content\/uploads\/2015\/02\/P.png\" alt=\"P\" width=\"18\" height=\"18\" \/><\/a><\/strong><br \/>\n(Auftrag der Globus-Kl\u00e4nge)<br \/>\n<strong>UA:<\/strong> Jan. 2004, Fu\u00dffall-Globus Frankfurt\/Main<br \/>\n<em><span style=\"color: #808000;\">Claudia Herr<\/span><br \/>\n<span style=\"line-height: 1.5;\"><em style=\"line-height: 1.5;\">____________________________________________<\/em><\/span><\/em><\/p>\n<p><strong>&#8230;perch\u00e9 solo in una notte fonda brillano le stelle <\/strong>f\u00fcr Harfe solo (2002)<strong> \u00a0<a title=\"Perch\u00e9 solo Text\" href=\"http:\/\/rainer-rubbert.de\/wordpress\/werke\/perche-solo-text\/\"><img loading=\"lazy\" decoding=\"async\" class=\"alignnone wp-image-397\" src=\"http:\/\/rainer-rubbert.de\/wordpress\/wp-content\/uploads\/2015\/02\/T.png\" alt=\"T\" width=\"18\" height=\"18\" \/><\/a>\u00a0\u00a0<a title=\"Perch\u00e9 solo in una notte fonda\" href=\"http:\/\/rainer-rubbert.de\/wordpress\/werke\/perche-solo-in-una-notte-fonda\/\"><img loading=\"lazy\" decoding=\"async\" class=\"alignnone wp-image-399\" src=\"http:\/\/rainer-rubbert.de\/wordpress\/wp-content\/uploads\/2015\/02\/P.png\" alt=\"P\" width=\"18\" height=\"18\" \/><\/a><\/strong><br \/>\n<strong>UA:<\/strong> Mai 2004, Rom<br \/>\n<em><span style=\"color: #808000;\">Katharina Hanstedt<\/span><br \/>\n<span style=\"line-height: 1.5;\"><em style=\"line-height: 1.5;\">____________________________________________<\/em><\/span><br \/>\n<\/em><\/p>\n<p><strong>Legno &#8211; campane <\/strong>f\u00fcr Marimba solo (mit Glocke) (2002)<strong>\u00a0<a title=\"Legno campane \u2013 Text\" href=\"http:\/\/rainer-rubbert.de\/wordpress\/werke\/legno-campane-text\/\"><img loading=\"lazy\" decoding=\"async\" class=\"alignnone wp-image-397\" src=\"http:\/\/rainer-rubbert.de\/wordpress\/wp-content\/uploads\/2015\/02\/T.png\" alt=\"T\" width=\"18\" height=\"18\" \/><\/a>\u00a0\u00a0<a title=\"Legno Campane\" href=\"http:\/\/rainer-rubbert.de\/wordpress\/werke\/legno-campane\/\"><img loading=\"lazy\" decoding=\"async\" class=\"alignnone wp-image-399\" src=\"http:\/\/rainer-rubbert.de\/wordpress\/wp-content\/uploads\/2015\/02\/P.png\" alt=\"P\" width=\"18\" height=\"18\" \/><\/a>\u00a0<\/strong><br \/>\n<strong>UA:<\/strong> Dez. 2003, Kryptonale Berlin<br \/>\n<em><span style=\"color: #808000;\">Claudia Sgarbi<\/span><br \/>\n<span style=\"line-height: 1.5;\"><em style=\"line-height: 1.5;\">____________________________________________<\/em><\/span><br \/>\n<\/em><br \/>\n<strong>Contraerea celeste<\/strong> f\u00fcr drei Fl\u00f6ten (2002)<strong>\u00a0\u00a0<a title=\"Contraerea \u2013 Text\" href=\"http:\/\/rainer-rubbert.de\/wordpress\/werke\/contraerea-text\/\"><img loading=\"lazy\" decoding=\"async\" class=\"alignnone wp-image-397\" src=\"http:\/\/rainer-rubbert.de\/wordpress\/wp-content\/uploads\/2015\/02\/T.png\" alt=\"T\" width=\"18\" height=\"18\" \/><\/a>\u00a0\u00a0<a title=\"Contraerea\" href=\"http:\/\/rainer-rubbert.de\/wordpress\/werke\/contraerea\/\"><img loading=\"lazy\" decoding=\"async\" class=\"alignnone wp-image-399\" src=\"http:\/\/rainer-rubbert.de\/wordpress\/wp-content\/uploads\/2015\/02\/P.png\" alt=\"P\" width=\"18\" height=\"18\" \/><\/a><\/strong><br \/>\n<strong>UA:<\/strong> Nov. 2003, Aachen<br \/>\n<em><span style=\"color: #808000;\">Trio Soli Sono<\/span><br \/>\n<span style=\"line-height: 1.5;\"><em style=\"line-height: 1.5;\">____________________________________________<\/em><\/span><br \/>\n<\/em><\/p>\n<p><strong>Albicoccodrillo <\/strong>f\u00fcr zw\u00f6lf Saxophone<strong> \u00a0<a title=\"Albicoccodrillo \u2013 Text\" href=\"http:\/\/rainer-rubbert.de\/wordpress\/werke\/albicoccodrillo-text\/\"><img loading=\"lazy\" decoding=\"async\" class=\"alignnone wp-image-397\" src=\"http:\/\/rainer-rubbert.de\/wordpress\/wp-content\/uploads\/2015\/02\/T.png\" alt=\"T\" width=\"18\" height=\"18\" \/><\/a>\u00a0\u00a0<a title=\"Albicoccodrillo\" href=\"http:\/\/rainer-rubbert.de\/wordpress\/werke\/albicoccodrillo\/\"><img loading=\"lazy\" decoding=\"async\" class=\"alignnone wp-image-399\" src=\"http:\/\/rainer-rubbert.de\/wordpress\/wp-content\/uploads\/2015\/02\/P.png\" alt=\"P\" width=\"18\" height=\"18\" \/><\/a><\/strong><br \/>\n<strong>UA:<\/strong> April 2003, Berlin<br \/>\n<em><span style=\"color: #808000;\">Ensemble Sax12<\/span><br \/>\n<span style=\"line-height: 1.5;\"><em style=\"line-height: 1.5;\">____________________________________________<\/em><\/span><\/em><\/p>\n<p><strong>Gegenwelten<\/strong> f\u00fcr gro\u00dfes Orchester (2000)\u00a0 <a title=\"Gegenwelten\" href=\"http:\/\/rainer-rubbert.de\/wordpress\/werke\/gegenwelten\/\"><img loading=\"lazy\" decoding=\"async\" class=\"alignnone wp-image-399\" src=\"http:\/\/rainer-rubbert.de\/wordpress\/wp-content\/uploads\/2015\/02\/P.png\" alt=\"P\" width=\"18\" height=\"18\" \/><\/a><br \/>\n(Auftrag des gVe Erlangen)<br \/>\n<strong>UA:<\/strong> Januar 2001, Erlangen<br \/>\n<em><span style=\"color: #808000;\">Erlanger Kammerorchester<\/span><br \/>\n<span style=\"line-height: 1.5;\"><em style=\"line-height: 1.5;\">____________________________________________<\/em><\/span><br \/>\n<\/em><\/p>\n<p><strong>Paris is burning<\/strong> f\u00fcr Tenorsaxophon und Live-Elektronik (2000)\u00a0<a title=\"Paris is burning\" href=\"http:\/\/rainer-rubbert.de\/wordpress\/werke\/paris-is-burning\/\"><img loading=\"lazy\" decoding=\"async\" class=\"alignnone wp-image-399\" src=\"http:\/\/rainer-rubbert.de\/wordpress\/wp-content\/uploads\/2015\/02\/P.png\" alt=\"P\" width=\"18\" height=\"18\" \/><\/a><br \/>\n<strong>UA:<\/strong> Dezember 2001, Berlin<br \/>\n<em><span style=\"color: #808000;\">Ulrich Krieger<\/span><br \/>\n<span style=\"line-height: 1.5;\"><em style=\"line-height: 1.5;\">____________________________________________<\/em><\/span><\/em><\/p>\n<p><strong>Noces Danses<\/strong> f\u00fcr Fl\u00f6te und Klavier (1999) <em><a href=\"https:\/\/soundcloud.com\/user526824707\/rainer-rubbert-noces-danses\"><img loading=\"lazy\" decoding=\"async\" class=\"alignnone wp-image-396\" src=\"http:\/\/rainer-rubbert.de\/wordpress\/wp-content\/uploads\/2015\/02\/A.png\" alt=\"A\" width=\"18\" height=\"18\" \/><\/a><\/em><br \/>\n<em>\u00a0 \u00a0 \u00a0 \u00a0 \u00a0 \u00a0 \u00a0 \u00a0I. emotionslos | Altfl\u00f6te \u00a0<a title=\"Noces I\" href=\"http:\/\/rainer-rubbert.de\/wordpress\/werke\/noces-1\/\"><img loading=\"lazy\" decoding=\"async\" class=\"alignnone wp-image-399\" src=\"http:\/\/rainer-rubbert.de\/wordpress\/wp-content\/uploads\/2015\/02\/P.png\" alt=\"P\" width=\"18\" height=\"18\" \/><\/a><\/em><br \/>\n<em>\u00a0 \u00a0 \u00a0 \u00a0 \u00a0 \u00a0 \u00a0 \u00a0II. manisch | Piccolo\u00a0 <a title=\"Noces II\" href=\"http:\/\/rainer-rubbert.de\/wordpress\/werke\/noces-ii\/\"><img loading=\"lazy\" decoding=\"async\" class=\"alignnone wp-image-399\" src=\"http:\/\/rainer-rubbert.de\/wordpress\/wp-content\/uploads\/2015\/02\/P.png\" alt=\"P\" width=\"18\" height=\"18\" \/><\/a><\/em><br \/>\n<em>\u00a0 \u00a0 \u00a0 \u00a0 \u00a0 \u00a0 \u00a0 \u00a0III. unterk\u00fchlt, sehr ruhig | Bassfl\u00f6te\u00a0 <a title=\"Noces III\" href=\"http:\/\/rainer-rubbert.de\/wordpress\/werke\/noces-iii\/\"><img loading=\"lazy\" decoding=\"async\" class=\"alignnone wp-image-399\" src=\"http:\/\/rainer-rubbert.de\/wordpress\/wp-content\/uploads\/2015\/02\/P.png\" alt=\"P\" width=\"18\" height=\"18\" \/><\/a><\/em><br \/>\n<em>\u00a0 \u00a0 \u00a0 \u00a0 \u00a0 \u00a0 \u00a0 \u00a0IV. zusammen | gro\u00dfe Fl\u00f6te \u00a0<a title=\"Noces IV\" href=\"http:\/\/rainer-rubbert.de\/wordpress\/werke\/noces-iv\/\"><img loading=\"lazy\" decoding=\"async\" class=\"alignnone wp-image-399\" src=\"http:\/\/rainer-rubbert.de\/wordpress\/wp-content\/uploads\/2015\/02\/P.png\" alt=\"P\" width=\"18\" height=\"18\" \/><\/a><\/em><br \/>\n<strong>UA:<\/strong> September 1999, Berlin<br \/>\n<em><span style=\"color: #808000;\">Klaus Sch\u00f6pp, | Yoriko Ikeya<\/span><br \/>\n<span style=\"line-height: 1.5;\"><em style=\"line-height: 1.5;\">____________________________________________<\/em><\/span><br \/>\n<\/em><\/p>\n<p><strong>Sieben Gedichte von Renate Halbach<br \/>\n<\/strong>f\u00fcr sich selbst begleitende S\u00e4ngerin [Sopran] (1999)<strong>\u00a0<a title=\"Renate Halbach Gedichte \u2013 Text\" href=\"http:\/\/rainer-rubbert.de\/wordpress\/werke\/renate-halbach-gedichte-text\/\"><img loading=\"lazy\" decoding=\"async\" class=\"alignnone wp-image-397\" src=\"http:\/\/rainer-rubbert.de\/wordpress\/wp-content\/uploads\/2015\/02\/T.png\" alt=\"T\" width=\"18\" height=\"18\" \/><\/a><\/strong><br \/>\n<em>\u00a0 \u00a0 \u00a0 \u00a0 \u00a0 \u00a0 \u00a0 \u00a0 I. Jeden Morgen \u00a0<a title=\"Renate Halbach \u2013 Jeden Morgen\" href=\"http:\/\/rainer-rubbert.de\/wordpress\/werke\/renate-halbach-jeden-morgen\/\"><img loading=\"lazy\" decoding=\"async\" class=\"alignnone wp-image-399\" src=\"http:\/\/rainer-rubbert.de\/wordpress\/wp-content\/uploads\/2015\/02\/P.png\" alt=\"P\" width=\"18\" height=\"18\" \/><\/a><\/em><br \/>\n<em>\u00a0 \u00a0 \u00a0 \u00a0 \u00a0 \u00a0 \u00a0 \u00a0 II. Wiederkehr\u00a0<a title=\"Wiederkehr\" href=\"http:\/\/rainer-rubbert.de\/wordpress\/werke\/wiederkehr\/\"><img loading=\"lazy\" decoding=\"async\" class=\"alignnone wp-image-399\" src=\"http:\/\/rainer-rubbert.de\/wordpress\/wp-content\/uploads\/2015\/02\/P.png\" alt=\"P\" width=\"18\" height=\"18\" \/><\/a><\/em><br \/>\n<em>\u00a0 \u00a0 \u00a0 \u00a0 \u00a0 \u00a0 \u00a0 \u00a0 III. Schiffsb\u00e4uche \u00a0<a title=\"Schiffsb\u00e4uche\" href=\"http:\/\/rainer-rubbert.de\/wordpress\/werke\/schiffsbaeuche-3\/\"><img loading=\"lazy\" decoding=\"async\" class=\"alignnone wp-image-399\" src=\"http:\/\/rainer-rubbert.de\/wordpress\/wp-content\/uploads\/2015\/02\/P.png\" alt=\"P\" width=\"18\" height=\"18\" \/><\/a> \u00a0<\/em><br \/>\n<em>\u00a0 \u00a0 \u00a0 \u00a0 \u00a0 \u00a0 \u00a0 \u00a0 IV. Gleitflug\u00a0<a title=\"Gleitflug\" href=\"http:\/\/rainer-rubbert.de\/wordpress\/gleitflug\/\"><img loading=\"lazy\" decoding=\"async\" class=\"alignnone wp-image-399\" src=\"http:\/\/rainer-rubbert.de\/wordpress\/wp-content\/uploads\/2015\/02\/P.png\" alt=\"P\" width=\"18\" height=\"18\" \/><\/a><\/em><br \/>\n<em>\u00a0 \u00a0 \u00a0 \u00a0 \u00a0 \u00a0 \u00a0 \u00a0 V. Nichts h\u00f6rt auf \u00a0<a title=\"Nichts h\u00f6rt auf\" href=\"http:\/\/rainer-rubbert.de\/wordpress\/werke\/nichts-hoert-auf\/\"><img loading=\"lazy\" decoding=\"async\" class=\"alignnone wp-image-399\" src=\"http:\/\/rainer-rubbert.de\/wordpress\/wp-content\/uploads\/2015\/02\/P.png\" alt=\"P\" width=\"18\" height=\"18\" \/><\/a><\/em><br \/>\n<em>\u00a0 \u00a0 \u00a0 \u00a0 \u00a0 \u00a0 \u00a0 \u00a0 VI. Asche, Asche \u00a0<a title=\"Asche, Asche\" href=\"http:\/\/rainer-rubbert.de\/wordpress\/werke\/asche-asche-2\/\"><img loading=\"lazy\" decoding=\"async\" class=\"alignnone wp-image-399\" src=\"http:\/\/rainer-rubbert.de\/wordpress\/wp-content\/uploads\/2015\/02\/P.png\" alt=\"P\" width=\"18\" height=\"18\" \/><\/a> \u00a0<\/em><br \/>\n<em>\u00a0 \u00a0 \u00a0 \u00a0 \u00a0 \u00a0 \u00a0 \u00a0 VII. Wie Schnee \u00a0<a title=\"Wie Schnee\" href=\"http:\/\/rainer-rubbert.de\/wordpress\/werke\/wie-schnee-2\/\"><img loading=\"lazy\" decoding=\"async\" class=\"alignnone wp-image-399\" src=\"http:\/\/rainer-rubbert.de\/wordpress\/wp-content\/uploads\/2015\/02\/P.png\" alt=\"P\" width=\"18\" height=\"18\" \/><\/a>\u00a0<\/em><br \/>\n<strong>UA:<\/strong> April 2001, Berlin<br \/>\n<em><span style=\"color: #808000;\">Stephanie Haas<\/span><br \/>\n<span style=\"line-height: 1.5;\"><em style=\"line-height: 1.5;\">____________________________________________<\/em><\/span><\/em><\/p>\n<p><strong>\u00dc = \u00d8 <\/strong>f\u00fcr Altfl\u00f6te, Englisch Horn (Horn) und Harfe (1998)<strong>\u00a0\u00a0<a title=\"\u00dc \u00d6\" href=\"http:\/\/rainer-rubbert.de\/wordpress\/werke\/ue-oe\/\"><img loading=\"lazy\" decoding=\"async\" class=\"alignnone wp-image-399\" src=\"http:\/\/rainer-rubbert.de\/wordpress\/wp-content\/uploads\/2015\/02\/P.png\" alt=\"P\" width=\"18\" height=\"18\" \/><\/a><\/strong><br \/>\n<strong>UA:<\/strong> Juni 1999, Berlin<br \/>\n<em><span style=\"color: #808000;\">Hanstedt-Trio<\/span><br \/>\n<span style=\"line-height: 1.5;\"><em style=\"line-height: 1.5;\">____________________________________________<\/em><\/span><\/em><\/p>\n<p><strong>Philippe\u2019s gone,<\/strong> Duo f\u00fcr pr\u00e4parierte Gitarre und Violine (1997) <a title=\"Philippe\u2019s gone\" href=\"http:\/\/rainer-rubbert.de\/wordpress\/werke\/philippes-gone\/\"><img loading=\"lazy\" decoding=\"async\" class=\"alignnone wp-image-399\" src=\"http:\/\/rainer-rubbert.de\/wordpress\/wp-content\/uploads\/2015\/02\/P.png\" alt=\"P\" width=\"18\" height=\"18\" \/><\/a><br \/>\n<strong>UA:<\/strong> Oktober 1997, Berlin<br \/>\n<em><span style=\"color: #808000;\">Matthias Leupold | Il-Ryun Chung<\/span><br \/>\n<span style=\"line-height: 1.5;\"><em style=\"line-height: 1.5;\">____________________________________________<\/em><\/span><\/em><\/p>\n<p><strong>Klavierst\u00fccke RWV 1087<\/strong>\u00a0(1996)<strong>\u00a0<a title=\"RVV 1087 Werkbeschreibung\" href=\"http:\/\/rainer-rubbert.de\/wordpress\/werke\/rvv-1087-werkbeschreibung\/\"><img loading=\"lazy\" decoding=\"async\" class=\"alignnone wp-image-397\" src=\"http:\/\/rainer-rubbert.de\/wordpress\/wp-content\/uploads\/2015\/02\/T.png\" alt=\"T\" width=\"18\" height=\"18\" \/><\/a><\/strong><br \/>\n<em>\u00a0 \u00a0 \u00a0 \u00a0 \u00a0 \u00a0 \u00a0 \u00a0I. calmo, liberamente \u00a0<a title=\"RWV 1087 I\" href=\"http:\/\/rainer-rubbert.de\/wordpress\/werke\/rwv-1087-i\/\"><img loading=\"lazy\" decoding=\"async\" class=\"alignnone wp-image-399\" src=\"http:\/\/rainer-rubbert.de\/wordpress\/wp-content\/uploads\/2015\/02\/P.png\" alt=\"P\" width=\"18\" height=\"18\" \/><\/a><\/em><br \/>\n<em>\u00a0 \u00a0 \u00a0 \u00a0 \u00a0 \u00a0 \u00a0 \u00a0II. Lento \u00a0<a title=\"RWV 1087 II\" href=\"http:\/\/rainer-rubbert.de\/wordpress\/werke\/rwv-1087-ii\/\"><img loading=\"lazy\" decoding=\"async\" class=\"alignnone wp-image-399\" src=\"http:\/\/rainer-rubbert.de\/wordpress\/wp-content\/uploads\/2015\/02\/P.png\" alt=\"P\" width=\"18\" height=\"18\" \/><\/a><\/em><br \/>\n<em>\u00a0 \u00a0 \u00a0 \u00a0 \u00a0 \u00a0 \u00a0 \u00a0III. \u00a0<a title=\"RWV III.\" href=\"http:\/\/rainer-rubbert.de\/wordpress\/rwv-iii\/\"><img loading=\"lazy\" decoding=\"async\" class=\"alignnone wp-image-399\" src=\"http:\/\/rainer-rubbert.de\/wordpress\/wp-content\/uploads\/2015\/02\/P.png\" alt=\"P\" width=\"18\" height=\"18\" \/><\/a><\/em><br \/>\nUA: 1996, Berlin<br \/>\n<em><span style=\"color: #808000;\">El\u017cbieta Sternlich<\/span>t<br \/>\n<span style=\"line-height: 1.5;\"><em style=\"line-height: 1.5;\">____________________________________________<\/em><\/span><br \/>\n<\/em><br \/>\n<strong>SUBURBAN CHANTS<br \/>\n<\/strong>f\u00fcr Fl\u00f6te, Klarinette, Violine, Viola, Violoncello und Klavier(1996)<br \/>\n<em>\u00a0 \u00a0 \u00a0 \u00a0 \u00a0 \u00a0 \u00a0 \u00a0I. Tagst\u00fcck \u00a0<a title=\"Suburban \u2013 Tagst\u00fcck\" href=\"http:\/\/rainer-rubbert.de\/wordpress\/werke\/suburban-tagstueck\/\"><img loading=\"lazy\" decoding=\"async\" class=\"alignnone wp-image-399\" src=\"http:\/\/rainer-rubbert.de\/wordpress\/wp-content\/uploads\/2015\/02\/P.png\" alt=\"P\" width=\"18\" height=\"18\" \/><\/a><\/em><br \/>\n<em>\u00a0 \u00a0 \u00a0 \u00a0 \u00a0 \u00a0 \u00a0 \u00a0II. Nachtst\u00fcck \u00a0\u00a0<a title=\"Suburban \u2013 Nachtst\u00fcck\" href=\"http:\/\/rainer-rubbert.de\/wordpress\/werke\/suburban-nachtstueck\/\"><img loading=\"lazy\" decoding=\"async\" class=\"alignnone wp-image-399\" src=\"http:\/\/rainer-rubbert.de\/wordpress\/wp-content\/uploads\/2015\/02\/P.png\" alt=\"P\" width=\"18\" height=\"18\" \/><\/a><\/em><br \/>\n(Auftrag des \u201cModern Art Sextet\u201c)\u00b4<br \/>\n<strong>UA:<\/strong> November 1996, Schreyahn<br \/>\n<em><span style=\"color: #808000;\">Modern Art Sextet<\/span><br \/>\n<span style=\"line-height: 1.5;\"><em style=\"line-height: 1.5;\">____________________________________________<\/em><\/span><\/em><\/p>\n<p><strong>Magische Duette<\/strong> f\u00fcr zwei Instrumente\/Stimmen und obligates Klavier (1995)<strong> \u00a0<a title=\"Magische Duette \u2013 Text\" href=\"http:\/\/rainer-rubbert.de\/wordpress\/werke\/magische-duette-text\/\"><img loading=\"lazy\" decoding=\"async\" class=\"alignnone wp-image-397\" src=\"http:\/\/rainer-rubbert.de\/wordpress\/wp-content\/uploads\/2015\/02\/T.png\" alt=\"T\" width=\"18\" height=\"18\" \/><\/a><\/strong><br \/>\n<em>\u00a0 \u00a0 \u00a0 \u00a0 \u00a0 \u00a0 \u00a0 \u00a0I. Alla breve \u00a0<a title=\"Duette alla breve\" href=\"http:\/\/rainer-rubbert.de\/wordpress\/werke\/duette-alla-breve\/\"><img loading=\"lazy\" decoding=\"async\" class=\"alignnone wp-image-399\" src=\"http:\/\/rainer-rubbert.de\/wordpress\/wp-content\/uploads\/2015\/02\/P.png\" alt=\"P\" width=\"18\" height=\"18\" \/><\/a><\/em><br \/>\n<em>\u00a0 \u00a0 \u00a0 \u00a0 \u00a0 \u00a0 \u00a0 \u00a0II. Adagio \u00a0<a title=\"Duette adagio\" href=\"http:\/\/rainer-rubbert.de\/wordpress\/werke\/duette-adagio\/\"><img loading=\"lazy\" decoding=\"async\" class=\"alignnone wp-image-399\" src=\"http:\/\/rainer-rubbert.de\/wordpress\/wp-content\/uploads\/2015\/02\/P.png\" alt=\"P\" width=\"18\" height=\"18\" \/><\/a><\/em><br \/>\n<em>\u00a0 \u00a0 \u00a0 \u00a0 \u00a0 \u00a0 \u00a0 \u00a0III. Largo, con tristezza \u00a0<a title=\"Duette largo\" href=\"http:\/\/rainer-rubbert.de\/wordpress\/werke\/duette-largo\/\"><img loading=\"lazy\" decoding=\"async\" class=\"alignnone wp-image-399\" src=\"http:\/\/rainer-rubbert.de\/wordpress\/wp-content\/uploads\/2015\/02\/P.png\" alt=\"P\" width=\"18\" height=\"18\" \/><\/a><\/em><br \/>\n<em>\u00a0 \u00a0 \u00a0 \u00a0 \u00a0 \u00a0 \u00a0 \u00a0IV. Isterico \u00a0<a title=\"Duette isterico\" href=\"http:\/\/rainer-rubbert.de\/wordpress\/werke\/duette-isterico\/\"><img loading=\"lazy\" decoding=\"async\" class=\"alignnone wp-image-399\" src=\"http:\/\/rainer-rubbert.de\/wordpress\/wp-content\/uploads\/2015\/02\/P.png\" alt=\"P\" width=\"18\" height=\"18\" \/><\/a><\/em><br \/>\n<em>\u00a0 \u00a0 \u00a0 \u00a0 \u00a0 \u00a0 \u00a0 \u00a0V. Molto lento \u00a0<\/em><a title=\"Duette molto lento\" href=\"http:\/\/rainer-rubbert.de\/wordpress\/werke\/duette-molto-lento\/\"><em><img loading=\"lazy\" decoding=\"async\" class=\"alignnone wp-image-399\" src=\"http:\/\/rainer-rubbert.de\/wordpress\/wp-content\/uploads\/2015\/02\/P.png\" alt=\"P\" width=\"18\" height=\"18\" \/><\/em><br \/>\n<\/a>(Edition Nova Vita)<br \/>\n<strong>UA:<\/strong> M\u00e4rz 1995, Marseille<br \/>\n<em><span style=\"color: #808000;\">Violine: Mary Oliver | Saxophon: Ulrich Krieger | Klavier:Reinhold Friedl<\/span><br \/>\n<span style=\"line-height: 1.5;\"><em style=\"line-height: 1.5;\">____________________________________________<\/em><\/span><br \/>\n<\/em><\/p>\n<p><strong>Ein \u00e4gyptisches Marienleben<\/strong> f\u00fcr Sopran, Alt, Tenor, Bass und Cembalo (1995)<strong> \u00a0<a title=\"Marienleben\" href=\"http:\/\/rainer-rubbert.de\/wordpress\/werke\/marienleben\/\"><img loading=\"lazy\" decoding=\"async\" class=\"alignnone wp-image-399\" src=\"http:\/\/rainer-rubbert.de\/wordpress\/wp-content\/uploads\/2015\/02\/P.png\" alt=\"P\" width=\"18\" height=\"18\" \/><\/a><\/strong><br \/>\n<em>\u00a0 \u00a0 \u00a0 \u00a0 \u00a0 \u00a0 \u00a0 \u00a0 I. Mariae Vorleben\u00a0<\/em><br \/>\n<em>\u00a0 \u00a0 \u00a0 \u00a0 \u00a0 \u00a0 \u00a0 \u00a0 II. Mariae Klage<\/em><br \/>\n<em>\u00a0 \u00a0 \u00a0 \u00a0 \u00a0 \u00a0 \u00a0 \u00a0 III. Mariae Tod und<\/em><br \/>\n<span style=\"line-height: 1.5;\"><em>\u00a0 \u00a0 \u00a0 \u00a0 \u00a0 \u00a0 \u00a0 \u00a0 IV. Mariae Verkl\u00e4rung<\/em><br \/>\n<\/span>(Auftrag des Podewil Berlin)<br \/>\n<span style=\"line-height: 1.5;\"><strong>UA:<\/strong> Oktober 2004, Berlin<br \/>\n<\/span><em><span style=\"line-height: 1.5;\"><span style=\"color: #808000;\">Hanna Dora Sturludottir | Sabine Neumann | Eloi Prat I Morgades | Jens Bauditz |Martin Schneuing<\/span><br \/>\n<em style=\"line-height: 1.5;\">____________________________________________<\/em><br \/>\n<\/span><\/em><\/p>\n<p><strong> Bewegungen II <\/strong>f\u00fcr Orchester (1995)<strong>\u00a0\u00a0<a title=\"Bewegungen\" href=\"http:\/\/rainer-rubbert.de\/wordpress\/werke\/bewegungen\/\"><img loading=\"lazy\" decoding=\"async\" class=\"alignnone wp-image-399\" src=\"http:\/\/rainer-rubbert.de\/wordpress\/wp-content\/uploads\/2015\/02\/P.png\" alt=\"P\" width=\"18\" height=\"18\" \/><\/a><\/strong><br \/>\n(Auftrag des Freien Kammerochesters Berlin)<br \/>\n<strong>UA: <\/strong>November 1995, Berlin<br \/>\n<em><span style=\"color: #808000;\">Freies Kammerorchester Berlin | Leitung.: Christoph Hagel<\/span><br \/>\n<span style=\"line-height: 1.5;\"><em style=\"line-height: 1.5;\">____________________________________________<\/em><\/span><\/em><\/p>\n<p><strong>Inside Distortion <\/strong>f\u00fcr Inside-Piano (1995)<strong> \u00a0<a title=\"inside \u2013 distortion\" href=\"http:\/\/rainer-rubbert.de\/wordpress\/werke\/inside-distortion\/\"><img loading=\"lazy\" decoding=\"async\" class=\"alignnone wp-image-399\" src=\"http:\/\/rainer-rubbert.de\/wordpress\/wp-content\/uploads\/2015\/02\/P.png\" alt=\"P\" width=\"17\" height=\"17\" \/><\/a>\u00a0<\/strong><br \/>\n<strong>UA:<\/strong> 1996, Berlin<br \/>\n<em><span style=\"color: #808000;\">Reinhold Friedl<\/span><br \/>\n<span style=\"line-height: 1.5;\"><em style=\"line-height: 1.5;\">____________________________________________<\/em><\/span><br \/>\n<\/em><\/p>\n<p><strong>URBAN MUSIC III <\/strong>f\u00fcr Rockband (1994)<strong> \u00a0\u00a0\u00a0<a title=\"Urban Rockband\" href=\"http:\/\/rainer-rubbert.de\/wordpress\/werke\/urban-rockband\/\"><img loading=\"lazy\" decoding=\"async\" class=\"alignnone wp-image-399\" src=\"http:\/\/rainer-rubbert.de\/wordpress\/wp-content\/uploads\/2015\/02\/P.png\" alt=\"P\" width=\"18\" height=\"18\" \/><\/a><\/strong><br \/>\n(Auftrag der Akademie der K\u00fcnste)<br \/>\n<strong>UA:<\/strong> April 1994, Berlin (X 94)<br \/>\n<em><span style=\"line-height: 1.5;\"><em style=\"line-height: 1.5;\">____________________________________________<\/em><\/span><\/em><\/p>\n<p><strong>URBAN MUSIC<\/strong> f\u00fcr verst\u00e4rktes Saxophonquartett (1993) \u00a0<a title=\"Urban Music \u2013 Text\" href=\"http:\/\/rainer-rubbert.de\/wordpress\/werke\/urban-music-text\/\"><img loading=\"lazy\" decoding=\"async\" class=\"alignnone wp-image-397\" src=\"http:\/\/rainer-rubbert.de\/wordpress\/wp-content\/uploads\/2015\/02\/T.png\" alt=\"T\" width=\"18\" height=\"18\" \/><\/a>\u00a0\u00a0<a title=\"Urban Music\" href=\"http:\/\/rainer-rubbert.de\/wordpress\/werke\/urban-music\/\"><img loading=\"lazy\" decoding=\"async\" class=\"alignnone wp-image-399\" src=\"http:\/\/rainer-rubbert.de\/wordpress\/wp-content\/uploads\/2015\/02\/P.png\" alt=\"P\" width=\"18\" height=\"18\" \/><\/a><br \/>\n(Auftrag des Berliner Saxophon Quartetts)<br \/>\n<strong>UA:<\/strong> Oktober 1993, Berlin<br \/>\n<em><span style=\"color: #808000;\">BSQ<\/span><br \/>\n<span style=\"line-height: 1.5;\"><em style=\"line-height: 1.5;\">____________________________________________<\/em><\/span><br \/>\n<\/em><\/p>\n<p><strong> Vision (Urban Music II) <\/strong>f\u00fcr Bass-Saxophon solo (1993)<strong> \u00a0\u00a0<a title=\"Vision\" href=\"http:\/\/rainer-rubbert.de\/wordpress\/werke\/vision\/\"><img loading=\"lazy\" decoding=\"async\" class=\"alignnone wp-image-399\" src=\"http:\/\/rainer-rubbert.de\/wordpress\/wp-content\/uploads\/2015\/02\/P.png\" alt=\"P\" width=\"18\" height=\"18\" \/><\/a><\/strong><br \/>\n(Verlag Neue Musik Berlin)<br \/>\n<strong>UA:<\/strong> Februar 1994, Paris<br \/>\n<em><span style=\"color: #808000;\">Johannes Ernst<\/span><br \/>\n<span style=\"line-height: 1.5;\"><em style=\"line-height: 1.5;\">____________________________________________<\/em><\/span><\/em><\/p>\n<p><strong>obstacle 1087 <\/strong>f\u00fcr Violine, Alt-Saxophon in Es, Ba\u00dfklarinette und Klavier (1992)<strong> \u00a0\u00a0<a title=\"obstacle\" href=\"http:\/\/rainer-rubbert.de\/wordpress\/werke\/obstacle-2\/\"><img loading=\"lazy\" decoding=\"async\" class=\"alignnone wp-image-399\" src=\"http:\/\/rainer-rubbert.de\/wordpress\/wp-content\/uploads\/2015\/02\/P.png\" alt=\"P\" width=\"18\" height=\"18\" \/><\/a><\/strong><br \/>\n(Auftrag der \u201cTage Neuer Kammermusik Braunschweig&#8220;)<br \/>\n<strong>UA:<\/strong> November 1992, Braunschweig<br \/>\n<em><span style=\"color: #808000;\">Violine: Irene Wilhelmi<\/span><br \/>\n<span style=\"line-height: 1.5;\"><em style=\"line-height: 1.5;\">____________________________________________<\/em><\/span><br \/>\n<\/em><\/p>\n<p><strong> vocalise <\/strong>f\u00fcr Sopran (Alt-Saxophon in Es), Fl\u00f6te, Violoncello und Klavier (1992)<strong> \u00a0\u00a0<a title=\"vocalise\" href=\"http:\/\/rainer-rubbert.de\/wordpress\/werke\/vocalise\/\"><img loading=\"lazy\" decoding=\"async\" class=\"alignnone wp-image-399\" src=\"http:\/\/rainer-rubbert.de\/wordpress\/wp-content\/uploads\/2015\/02\/P.png\" alt=\"P\" width=\"18\" height=\"18\" \/><\/a><\/strong><br \/>\n(Auftrag des Berlin Improvising Composers Ensemble)<br \/>\n<strong>UA:<\/strong> Oktober 1992, Berlin<br \/>\n<em><span style=\"color: #808000;\">BICE<\/span><br \/>\n<span style=\"line-height: 1.5;\"><em style=\"line-height: 1.5;\">____________________________________________<\/em><\/span><\/em><\/p>\n<p><strong>Oktett 522 91 &#8211; 16.1<\/strong> f\u00fcr Klarinette, Horn, Fagott und Streichquintett (1991)<br \/>\n<em>\u00a0 \u00a0 \u00a0 \u00a0 \u00a0 \u00a0 \u00a0 \u00a0I. Toccata \u00a0<\/em><br \/>\n<em>\u00a0 \u00a0 \u00a0 \u00a0 \u00a0 \u00a0 \u00a0 \u00a0II. Elegie<\/em><br \/>\n<em>\u00a0 \u00a0 \u00a0 \u00a0 \u00a0 \u00a0 \u00a0 \u00a0III. Capriccio<\/em><br \/>\n<strong>UA:<\/strong> Februar 1992, Salzburg<br \/>\n<em><span style=\"color: #808000;\">Scharoun-Ensemble<\/span><br \/>\n<span style=\"line-height: 1.5;\"><em style=\"line-height: 1.5;\">____________________________________________<\/em><\/span><\/em><\/p>\n<p><strong>Klavierquintett 1990<\/strong>\u00a0 <a title=\"Klavierquintett\" href=\"http:\/\/rainer-rubbert.de\/wordpress\/werke\/klavierquintett\/\"><img loading=\"lazy\" decoding=\"async\" class=\"alignnone wp-image-399\" src=\"http:\/\/rainer-rubbert.de\/wordpress\/wp-content\/uploads\/2015\/02\/P.png\" alt=\"P\" width=\"18\" height=\"18\" \/><\/a><br \/>\n<strong>UA:<\/strong> Mai 1991, Berlin<br \/>\n<em><span style=\"color: #808000;\">Universal Streichquartett | Sheila Vonk<\/span><br \/>\n____________________________________________<br \/>\n<\/em><\/p>\n<p><strong>Kammerkonzert<\/strong><br \/>\nf\u00fcr Saxophonquartett, zwei Streichquartette, Kontrabass und Klavier (1990) \u00a0<a title=\"Kammerkonzert\" href=\"http:\/\/rainer-rubbert.de\/wordpress\/werke\/kammerkonzert\/\"><img loading=\"lazy\" decoding=\"async\" class=\"alignnone wp-image-399\" src=\"http:\/\/rainer-rubbert.de\/wordpress\/wp-content\/uploads\/2015\/02\/P.png\" alt=\"P\" width=\"18\" height=\"18\" \/><\/a><br \/>\n(Auftrag des Hebbel-Theaters Berlin)<br \/>\n<strong>UA:<\/strong> Dezember 1990, Br\u00fcssel<br \/>\n<em><span style=\"color: #808000;\">Het Orkest | Leitung: Vincent d\u2019Hondt<\/span><br \/>\n____________________________________________<\/em><\/p>\n<p><strong>Concertino<\/strong> f\u00fcr Alt-Saxophon in Es, Klavier, Streicher und Schlagzeug \u00a0<strong>\u00a0<\/strong><br \/>\n<em>\u00a0 \u00a0 \u00a0 \u00a0 \u00a0 \u00a0 \u00a0 \u00a0I.\u00a0Introduzione, calmo \u00a0<a title=\"Concertino I\" href=\"http:\/\/rainer-rubbert.de\/wordpress\/werke\/concertino-i\/\"><img loading=\"lazy\" decoding=\"async\" class=\"alignnone wp-image-399\" src=\"http:\/\/rainer-rubbert.de\/wordpress\/wp-content\/uploads\/2015\/02\/P.png\" alt=\"P\" width=\"18\" height=\"18\" \/><\/a><\/em><br \/>\n<em>\u00a0 \u00a0 \u00a0 \u00a0 \u00a0 \u00a0 \u00a0 \u00a0II. Allegro \u00a0\u00a0<a title=\"Concertino II\" href=\"http:\/\/rainer-rubbert.de\/wordpress\/werke\/concertino-ii\/\"><img loading=\"lazy\" decoding=\"async\" class=\"alignnone wp-image-399\" src=\"http:\/\/rainer-rubbert.de\/wordpress\/wp-content\/uploads\/2015\/02\/P.png\" alt=\"P\" width=\"18\" height=\"18\" \/><\/a><\/em><br \/>\n(International Rostrum of Composers, Paris, 1991)<br \/>\n<strong>UA:<\/strong> Oktober 1989, Berlin<br \/>\n<em><span style=\"color: #808000;\">Saxophon: Ulrich Krieger | Universal-Ensemble<\/span><br \/>\n____________________________________________<\/em><\/p>\n<p><strong>dialogue <\/strong>f\u00fcr Violoncello solo (1988)<strong>\u00a0\u00a0<a title=\"dialogue\" href=\"http:\/\/rainer-rubbert.de\/wordpress\/werke\/dialogue\/\"><img loading=\"lazy\" decoding=\"async\" class=\"alignnone wp-image-399\" src=\"http:\/\/rainer-rubbert.de\/wordpress\/wp-content\/uploads\/2015\/02\/P.png\" alt=\"P\" width=\"18\" height=\"18\" \/><\/a><\/strong><br \/>\n<strong>UA:<\/strong> M\u00e4rz 1988, Rio de Janeiro<br \/>\n<em><span style=\"color: #808000;\">Peter Schuback<\/span><br \/>\n____________________________________________<\/em><\/p>\n<p><strong>r\u00e9ciprocit\u00e9<\/strong> f\u00fcr Violoncello und Kontrabass (1987)<strong>\u00a0<a title=\"r\u00e9ciprocit\u00e9\" href=\"http:\/\/rainer-rubbert.de\/wordpress\/werke\/reciprocite\/\"><img loading=\"lazy\" decoding=\"async\" class=\"alignnone wp-image-399\" src=\"http:\/\/rainer-rubbert.de\/wordpress\/wp-content\/uploads\/2015\/02\/P.png\" alt=\"P\" width=\"18\" height=\"18\" \/><\/a><\/strong><br \/>\n<strong>UA:<\/strong> Oktober 1987, Paris<br \/>\n<em><span style=\"color: #808000;\">Duo Tedesco<\/span><br \/>\n____________________________________________<br \/>\n<\/em><\/p>\n<p><strong>..des lignes raides fuient dans la nuit<\/strong> f\u00fcr Bl\u00e4serquintett (1987)\u00a0<a title=\"lignes raides\" href=\"http:\/\/rainer-rubbert.de\/wordpress\/werke\/lignes-raides\/\"><img loading=\"lazy\" decoding=\"async\" class=\"alignnone wp-image-399\" src=\"http:\/\/rainer-rubbert.de\/wordpress\/wp-content\/uploads\/2015\/02\/P.png\" alt=\"P\" width=\"18\" height=\"18\" \/><\/a><br \/>\n(2. Preis \u201cBudapest International Composers Competition 1989)<br \/>\n(Editio Musica Budapest)<br \/>\n<strong>UA:<\/strong> M\u00e4rz 1989, Budapest<br \/>\n<em><span style=\"color: #808000;\">Akademie-Quintett<\/span><br \/>\n____________________________________________<br \/>\n<\/em><\/p>\n<p><strong>Idyllen <\/strong>f\u00fcr Viola (Violine) und Violoncello \u00a0(1987)<br \/>\n<em>\u00a0 \u00a0 \u00a0 \u00a0 \u00a0 \u00a0 \u00a0 \u00a0 I. Calmo \u00a0\u00a0<a title=\"Idyllen I\" href=\"http:\/\/rainer-rubbert.de\/wordpress\/werke\/idyllen-i\/\"><img loading=\"lazy\" decoding=\"async\" class=\"alignnone wp-image-399\" src=\"http:\/\/rainer-rubbert.de\/wordpress\/wp-content\/uploads\/2015\/02\/P.png\" alt=\"P\" width=\"18\" height=\"18\" \/><\/a><\/em><br \/>\n<em>\u00a0 \u00a0 \u00a0 \u00a0 \u00a0 \u00a0 \u00a0 \u00a0 II. Inquieto \u00a0\u00a0<a title=\"Idyllen II\" href=\"http:\/\/rainer-rubbert.de\/wordpress\/werke\/idyllen-ii\/\"><img loading=\"lazy\" decoding=\"async\" class=\"alignnone wp-image-399\" src=\"http:\/\/rainer-rubbert.de\/wordpress\/wp-content\/uploads\/2015\/02\/P.png\" alt=\"P\" width=\"18\" height=\"18\" \/><\/a><\/em><br \/>\n<em>\u00a0 \u00a0 \u00a0 \u00a0 \u00a0 \u00a0 \u00a0 \u00a0 III. Adagio espressivo \u00a0<a title=\"Idyllen III\" href=\"http:\/\/rainer-rubbert.de\/wordpress\/werke\/idyllen-iii\/\"><img loading=\"lazy\" decoding=\"async\" class=\"alignnone wp-image-399\" src=\"http:\/\/rainer-rubbert.de\/wordpress\/wp-content\/uploads\/2015\/02\/P.png\" alt=\"P\" width=\"18\" height=\"18\" \/><\/a><\/em><br \/>\n<em>\u00a0 \u00a0 \u00a0 \u00a0 \u00a0 \u00a0 \u00a0 \u00a0 IV. Aggressivo \u00a0<a title=\"Idyllen IV\" href=\"http:\/\/rainer-rubbert.de\/wordpress\/werke\/idyllen-iv\/\"><img loading=\"lazy\" decoding=\"async\" class=\"alignnone wp-image-399\" src=\"http:\/\/rainer-rubbert.de\/wordpress\/wp-content\/uploads\/2015\/02\/P.png\" alt=\"P\" width=\"18\" height=\"18\" \/><\/a><\/em><br \/>\n<em>\u00a0 \u00a0 \u00a0 \u00a0 \u00a0 \u00a0 \u00a0 \u00a0 V. Molto lento \u00a0<a title=\"Idyllen V\" href=\"http:\/\/rainer-rubbert.de\/wordpress\/werke\/idyllen-v\/\"><img loading=\"lazy\" decoding=\"async\" class=\"alignnone wp-image-399\" src=\"http:\/\/rainer-rubbert.de\/wordpress\/wp-content\/uploads\/2015\/02\/P.png\" alt=\"P\" width=\"18\" height=\"18\" \/><\/a><\/em><br \/>\n(Auftrag der Gruppe Neue Musik Berlin)<br \/>\n<strong>UA:<\/strong> Dezember 1987, W\u00fcrzburg,<br \/>\n<em><span style=\"color: #808000;\">Claude Lelong | Wolfgang Gr\u00f6ger<\/span><br \/>\n____________________________________________<\/em><\/p>\n<p><strong>relations <\/strong>f\u00fcr Horn und Schlagzeug (1986)<br \/>\n<em>\u00a0 \u00a0 \u00a0 \u00a0 \u00a0 \u00a0 \u00a0 \u00a0 I. Feroce\u00a0<a title=\"relations\" href=\"http:\/\/rainer-rubbert.de\/wordpress\/werke\/relations-2\/\"><img loading=\"lazy\" decoding=\"async\" class=\"alignnone wp-image-399\" src=\"http:\/\/rainer-rubbert.de\/wordpress\/wp-content\/uploads\/2015\/02\/P.png\" alt=\"P\" width=\"18\" height=\"18\" \/><\/a><\/em><br \/>\n<em>\u00a0 \u00a0 \u00a0 \u00a0 \u00a0 \u00a0 \u00a0 \u00a0 II. Calmo<\/em><br \/>\n<em>\u00a0 \u00a0 \u00a0 \u00a0 \u00a0 \u00a0 \u00a0 \u00a0 III.<\/em><br \/>\n(Auftrag des Deutschen Schlagzeugsymposions N\u00fcrnberg 1986)<br \/>\n<strong>UA:<\/strong> Oktober 1986, N\u00fcrnberg<br \/>\n<em><span style=\"color: #808000;\">Wilfried Kr\u00fcger | Roland Schmidt<\/span><br \/>\n____________________________________________<\/em><\/p>\n<p><strong>Aus der Fremde<\/strong>, Kantate nach Gedichten von Franz Werfel (1984\/86)<strong>\u00a0\u00a0<a title=\"Fremde sind wir\" href=\"http:\/\/rainer-rubbert.de\/wordpress\/werke\/fremde-sind-wir\/\"><img loading=\"lazy\" decoding=\"async\" class=\"alignnone wp-image-397\" src=\"http:\/\/rainer-rubbert.de\/wordpress\/wp-content\/uploads\/2015\/02\/T.png\" alt=\"T\" width=\"18\" height=\"18\" \/><\/a><\/strong><br \/>\nf\u00fcr 4 Solostimmen, 4-9-stimmigen gem. Chor a cappella und Knabenchor (ad lib.) \u00a0<a title=\"Kantate\" href=\"http:\/\/rainer-rubbert.de\/wordpress\/werke\/kantate\/\"><img loading=\"lazy\" decoding=\"async\" class=\"alignnone wp-image-399\" src=\"http:\/\/rainer-rubbert.de\/wordpress\/wp-content\/uploads\/2015\/02\/P.png\" alt=\"P\" width=\"18\" height=\"18\" \/><\/a><br \/>\n(Hauptpreis beim Internationalen Carl-von-Ossietzky-Kompositionswettbewerb Oldenburg 2007)<br \/>\n<em>____________________________________________<\/em><\/p>\n<p><strong>Galgenlieder <\/strong>nach Christian Morgenstern<br \/>\nf\u00fcr Sopran, Altsaxophon in Es (Klarinette), Fagott (Violoncello) und Klavier\u00a0(1983\/85)<br \/>\n<em>\u00a0 \u00a0 \u00a0 \u00a0 \u00a0 \u00a0 \u00a0 \u00a01. Gruselett<\/em><strong> \u00a0\u00a0<a title=\"Morgenstern \u2013 Lieder\" href=\"http:\/\/rainer-rubbert.de\/wordpress\/werke\/morgenstern-lieder\/\"><img loading=\"lazy\" decoding=\"async\" class=\"alignnone wp-image-399\" src=\"http:\/\/rainer-rubbert.de\/wordpress\/wp-content\/uploads\/2015\/02\/P.png\" alt=\"P\" width=\"18\" height=\"18\" \/><\/a><\/strong><br \/>\n<em>\u00a0 \u00a0 \u00a0 \u00a0 \u00a0 \u00a0 \u00a0 \u00a02. Die Fingur \u00a0<\/em><br \/>\n<em>\u00a0 \u00a0 \u00a0 \u00a0 \u00a0 \u00a0 \u00a0 \u00a03. Das Mondschaf\u00a0<\/em><br \/>\n<em>\u00a0 \u00a0 \u00a0 \u00a0 \u00a0 \u00a0 \u00a0 \u00a04. Nein!<\/em><br \/>\n(Auftrag des Deutschen Apothekertages 1985)<br \/>\n<strong>UA:<\/strong> 1985, Berlin<br \/>\n<em><span style=\"color: #808000;\">Sopran: Miharu Dietz<\/span><br \/>\n____________________________________________<\/em><\/p>\n<p><strong>Au\u00dfenposten<\/strong>, (Film-) Musik f\u00fcr Kammerorchester (1981\/83)\u00a0siehe auch<strong> <a title=\"Theater und Film\" href=\"http:\/\/rainer-rubbert.de\/wordpress\/theater-und-filmmusik\/\">-&gt; Film<\/a><\/strong><br \/>\n<strong>UA:<\/strong> Juni 1984, Berlin<br \/>\n<em>(Verlag Ries &amp; Erler)<\/em><br \/>\n<em><span style=\"color: #808000;\">Brandenburgisches Kammerorchester<\/span><br \/>\n____________________________________________<\/em><\/p>\n<p><strong>Streichquartett adagio \u2013 allegro<\/strong>\u00a0(1982)<strong>\u00a0<a title=\"Streichquartett\" href=\"http:\/\/rainer-rubbert.de\/wordpress\/werke\/streichquartett\/\"><img loading=\"lazy\" decoding=\"async\" class=\"alignnone wp-image-399\" src=\"http:\/\/rainer-rubbert.de\/wordpress\/wp-content\/uploads\/2015\/02\/P.png\" alt=\"P\" width=\"19\" height=\"19\" \/><\/a>\u00a0<\/strong><br \/>\n<strong>UA:<\/strong>\u00a0September 2015, Le Thoureil<br \/>\n<em><span style=\"color: #808000;\">Quatuor Girard<\/span><br \/>\n____________________________________________<\/em><\/p>\n<p><strong>Fahrt,<\/strong> drei Lieder nach Gedichten von Sarah Kirsch<br \/>\nf\u00fcr Sopran, Violoncello, Harfe, Klavier und Schlagzeug (1981)<br \/>\n<em>\u00a0 \u00a0 \u00a0 \u00a0 \u00a0 \u00a0 \u00a0 \u00a0 \u00a01. Fahrt I \u00a0\u00a0<a title=\"Fahrt\" href=\"http:\/\/rainer-rubbert.de\/wordpress\/werke\/fahrt\/\"><img loading=\"lazy\" decoding=\"async\" class=\"alignnone wp-image-399\" src=\"http:\/\/rainer-rubbert.de\/wordpress\/wp-content\/uploads\/2015\/02\/P.png\" alt=\"P\" width=\"18\" height=\"18\" \/><\/a><\/em><br \/>\n<em>\u00a0 \u00a0 \u00a0 \u00a0 \u00a0 \u00a0 \u00a0 \u00a0 \u00a02. Der Schnee liegt schwarz in meiner Stadt<\/em><br \/>\n<em>\u00a0 \u00a0 \u00a0 \u00a0 \u00a0 \u00a0 \u00a0 \u00a0 3. Dann werden wir kein Feuer brauchen<\/em><br \/>\n(Auftrag des Studio Neue Musik Berlin)<br \/>\n<strong>UA:<\/strong> Oktober 1983, Berlin<br \/>\n<em><span style=\"color: #808000;\">Sopran: Regine Gebhard<\/span><br \/>\n____________________________________________<\/em><\/p>\n<p><strong>Deutsches Kyrie und Credo<\/strong><br \/>\nf\u00fcr 4 Trompeten, 4 Posaunen, gemischten Chor und Streicher (1980\/81)<br \/>\n<em>____________________________________________<\/em><\/p>\n<p><strong>Tropus ad Gloria<\/strong><br \/>\nf\u00fcr 2 Trompeten, Tenor solo, M\u00e4nnerchor, Klavier und Kontrabass\u00a0(1980\/81)<strong>\u00a0\u00a0<a title=\"Tropus\" href=\"http:\/\/rainer-rubbert.de\/wordpress\/werke\/tropus\/\"><img loading=\"lazy\" decoding=\"async\" class=\"alignnone wp-image-399\" src=\"http:\/\/rainer-rubbert.de\/wordpress\/wp-content\/uploads\/2015\/02\/P.png\" alt=\"P\" width=\"18\" height=\"18\" \/><\/a><\/strong><br \/>\n<em>____________________________________________<\/em><\/p>\n<p><strong>Ballade<\/strong> f\u00fcr Kontrabass solo (1979)\u00a0 <a title=\"Ballade f\u00fcr Kontrabass\" href=\"http:\/\/rainer-rubbert.de\/wordpress\/werke\/ballade-fuer-kontrabass\/\"><img loading=\"lazy\" decoding=\"async\" class=\"alignnone wp-image-399\" src=\"http:\/\/rainer-rubbert.de\/wordpress\/wp-content\/uploads\/2015\/02\/P.png\" alt=\"P\" width=\"18\" height=\"18\" \/><\/a><br \/>\n<strong>UA:<\/strong> September 1980, Utrecht<br \/>\n<em><span style=\"color: #808000;\">Fernando Grillo<\/span><br \/>\n____________________________________________<br \/>\n<\/em><\/p>\n<p><strong>Trio (&#8230;le fou) <\/strong>f\u00fcr Oboe, Alt-Saxophon in Es und Violoncello (1979)<strong> \u00a0\u00a0<a title=\"Trio\" href=\"http:\/\/rainer-rubbert.de\/wordpress\/werke\/trio\/\"><img loading=\"lazy\" decoding=\"async\" class=\"alignnone wp-image-399\" src=\"http:\/\/rainer-rubbert.de\/wordpress\/wp-content\/uploads\/2015\/02\/P.png\" alt=\"P\" width=\"18\" height=\"18\" \/><\/a><\/strong><br \/>\n(Prix Marcel Josse 1979 der Assoziation Franz\u00f6sischer Saxophonisten)<br \/>\n<strong>UA:<\/strong> Mai 1981<br \/>\n<em><span style=\"color: #808000;\">Martina Barsch | Detlef Bensmann | Manuel Fischer-Dieskau<\/span><br \/>\n____________________________________________<br \/>\n<\/em><\/p>\n<p><strong>Einladung zu einer Tasse Jasmintee<\/strong>\u00a0f\u00fcr Sopran und Klavier (1979)<strong> \u00a0\u00a0<a title=\"Einladung zu einer Tasse Jasmintee\" href=\"http:\/\/rainer-rubbert.de\/wordpress\/werke\/einladung-zu-einer-tasse-jasmintee\/\"><img loading=\"lazy\" decoding=\"async\" class=\"alignnone wp-image-399\" src=\"http:\/\/rainer-rubbert.de\/wordpress\/wp-content\/uploads\/2015\/02\/P.png\" alt=\"P\" width=\"18\" height=\"18\" \/><\/a><\/strong><br \/>\n<strong>UA:<\/strong> 1979<br \/>\n<em><span style=\"color: #808000;\">Sopran: Miharu Dietz<\/span><br \/>\n____________________________________________<\/em><\/p>\n<p><strong>Musik <\/strong>f\u00fcr vier Schlagzeuger und Klavier (1978)<br \/>\n<strong>UA:<\/strong> 2004, Berlin<br \/>\n<em><span style=\"color: #808000;\">Percussemble<\/span><br \/>\n____________________________________________<br \/>\n<\/em><\/p>\n<p><strong>Bewegungen <\/strong>f\u00fcr 37 Streichinstrumente (1978)<strong>\u00a0\u00a0 <a title=\"Bewegungen Streicher\" href=\"http:\/\/rainer-rubbert.de\/wordpress\/werke\/bewegungen-streicher\/\"><img loading=\"lazy\" decoding=\"async\" class=\"alignnone wp-image-399\" src=\"http:\/\/rainer-rubbert.de\/wordpress\/wp-content\/uploads\/2015\/02\/P.png\" alt=\"P\" width=\"18\" height=\"18\" \/><\/a>\u00a0 <\/strong><br \/>\n<strong>UA:<\/strong> 1985, Berlin<br \/>\n<em><span style=\"color: #808000;\">Berliner Philharmonisches Orchester | Leitung.: Reinhard Peters<\/span><br \/>\n____________________________________________<\/em><\/p>\n<p><strong>Musik in vier S\u00e4tzen <\/strong>f\u00fcr Fl\u00f6te allein (1977)<br \/>\n<em>\u00a0 \u00a0 \u00a0 \u00a0 \u00a0 \u00a0 \u00a0 \u00a0I. z\u00f6gernd \u00a0\u00a0<a title=\"Musik f\u00fcr Fl\u00f6te I\" href=\"http:\/\/rainer-rubbert.de\/wordpress\/werke\/musik-fuer-floete-i\/\"><img loading=\"lazy\" decoding=\"async\" class=\"alignnone wp-image-399\" src=\"http:\/\/rainer-rubbert.de\/wordpress\/wp-content\/uploads\/2015\/02\/P.png\" alt=\"P\" width=\"18\" height=\"18\" \/><\/a><\/em><br \/>\n<em>\u00a0 \u00a0 \u00a0 \u00a0 \u00a0 \u00a0 \u00a0 \u00a0II. Prestissimo\u00a0<a title=\"Musik f\u00fcr Fl\u00f6te II\" href=\"http:\/\/rainer-rubbert.de\/wordpress\/werke\/musik-fuer-floete-ii\/\"><img loading=\"lazy\" decoding=\"async\" class=\"alignnone wp-image-399\" src=\"http:\/\/rainer-rubbert.de\/wordpress\/wp-content\/uploads\/2015\/02\/P.png\" alt=\"P\" width=\"18\" height=\"18\" \/><\/a><\/em><br \/>\n<em>\u00a0 \u00a0 \u00a0 \u00a0 \u00a0 \u00a0 \u00a0 \u00a0III. sempre legato\u00a0<a title=\"Musik f\u00fcr Fl\u00f6te IV\" href=\"http:\/\/rainer-rubbert.de\/wordpress\/werke\/musik-fuer-floete-iv\/\"><img loading=\"lazy\" decoding=\"async\" class=\"alignnone wp-image-399\" src=\"http:\/\/rainer-rubbert.de\/wordpress\/wp-content\/uploads\/2015\/02\/P.png\" alt=\"P\" width=\"18\" height=\"18\" \/><\/a><\/em><br \/>\n<em>\u00a0 \u00a0 \u00a0 \u00a0 \u00a0 \u00a0 \u00a0 \u00a0V. vivo <a title=\"Musik f\u00fcr Fl\u00f6te IV\" href=\"http:\/\/rainer-rubbert.de\/wordpress\/werke\/musik-fuer-floete-iv\/\"><img loading=\"lazy\" decoding=\"async\" class=\"alignnone wp-image-399\" src=\"http:\/\/rainer-rubbert.de\/wordpress\/wp-content\/uploads\/2015\/02\/P.png\" alt=\"P\" width=\"18\" height=\"18\" \/><\/a> \u00a0<\/em><br \/>\n<strong>UA:<\/strong> Januar 1980, Berlin<br \/>\n(Verlag Neue Musik Berlin)<br \/>\n<em><span style=\"color: #808000;\">Ulrich Zeller<\/span><br \/>\n____________________________________________<br \/>\n<\/em><\/p>\n<p><strong>elf variationen \u00fcber das thema die post<\/strong>\u00a0[nach Gedichten von Reiner Kunze] (1977)<strong>\u00a0 \u00a0<a title=\"Postvariationen\" href=\"http:\/\/rainer-rubbert.de\/wordpress\/werke\/postvariationen\/\"><img loading=\"lazy\" decoding=\"async\" class=\"alignnone wp-image-399\" src=\"http:\/\/rainer-rubbert.de\/wordpress\/wp-content\/uploads\/2015\/02\/P.png\" alt=\"P\" width=\"18\" height=\"18\" \/><\/a><\/strong><br \/>\nf\u00fcr Alt, Sprecher, Harfe, Celesta, Vibraphon und Metallschlagwerk<\/p>\n<p>&nbsp;<\/p>\n<p class=\"small\"><em>Es gelten die Vorschriften des deutschen Urheberrechts in seiner jeweiligen Fassung. Alle Rechte der Urheber an den gesch\u00fctzten Werken, die auf der Website enthalten sind, bleiben vorbehalten. Ohne ausdr\u00fcckliche Genehmigung durch die GEMA darf eine weitergehende Nutzung der Werke, \u00fcber das Anh\u00f6ren der eingestellten Musikwerke hinaus, nicht erfolgen.<\/em><\/p>\n","protected":false},"excerpt":{"rendered":"<p>Partiturausschnitt |\u00a0 Text (Audio &#8211; und Videoaufnahmen ausgew\u00e4hlter Werke finden Sie unter\u00a0Audio | Video) Bessere Suchergebnisse erzielen Sie &#8211; z.B. bei der Suche nach bestimmten Instrumenten -wenn Sie auf der Seite Ihr\u00a0Suchwort\u00a0mit der Tastenkombiation Strg.+ F eingeben, die Ergebnisse werden farbig unterlegt angezeigt. in Arbeit: Die Sch\u00fcsse von Paris (AT) Musiktheater (Text: Tanja Langer) _________________________________________ &hellip; <a href=\"https:\/\/rainer-rubbert.de\/wordpress\/werke\/\" class=\"more-link\"><span class=\"screen-reader-text\">Werke  &#8211; chronologisch \u2193<\/span> weiterlesen <span class=\"meta-nav\">&rarr;<\/span><\/a><\/p>\n","protected":false},"author":1,"featured_media":0,"parent":0,"menu_order":0,"comment_status":"closed","ping_status":"open","template":"","meta":{"footnotes":""},"_links":{"self":[{"href":"https:\/\/rainer-rubbert.de\/wordpress\/wp-json\/wp\/v2\/pages\/71"}],"collection":[{"href":"https:\/\/rainer-rubbert.de\/wordpress\/wp-json\/wp\/v2\/pages"}],"about":[{"href":"https:\/\/rainer-rubbert.de\/wordpress\/wp-json\/wp\/v2\/types\/page"}],"author":[{"embeddable":true,"href":"https:\/\/rainer-rubbert.de\/wordpress\/wp-json\/wp\/v2\/users\/1"}],"replies":[{"embeddable":true,"href":"https:\/\/rainer-rubbert.de\/wordpress\/wp-json\/wp\/v2\/comments?post=71"}],"version-history":[{"count":369,"href":"https:\/\/rainer-rubbert.de\/wordpress\/wp-json\/wp\/v2\/pages\/71\/revisions"}],"predecessor-version":[{"id":2128,"href":"https:\/\/rainer-rubbert.de\/wordpress\/wp-json\/wp\/v2\/pages\/71\/revisions\/2128"}],"wp:attachment":[{"href":"https:\/\/rainer-rubbert.de\/wordpress\/wp-json\/wp\/v2\/media?parent=71"}],"curies":[{"name":"wp","href":"https:\/\/api.w.org\/{rel}","templated":true}]}}