{"id":39,"date":"2015-02-11T15:13:39","date_gmt":"2015-02-11T15:13:39","guid":{"rendered":"http:\/\/rainer-rubbert.de\/wordpress\/?page_id=39"},"modified":"2023-04-26T13:18:12","modified_gmt":"2023-04-26T13:18:12","slug":"medien","status":"publish","type":"page","link":"https:\/\/rainer-rubbert.de\/wordpress\/medien\/","title":{"rendered":"Audio | Video"},"content":{"rendered":"<p>&nbsp;<\/p>\n<p><a href=\"http:\/\/rainer-rubbert.de\/wordpress\/wp-content\/uploads\/2015\/02\/A.png\"><img loading=\"lazy\" decoding=\"async\" class=\"alignnone wp-image-396\" src=\"http:\/\/rainer-rubbert.de\/wordpress\/wp-content\/uploads\/2015\/02\/A.png\" alt=\"A\" width=\"18\" height=\"18\" \/><\/a><strong>\u00a0Audio <a href=\"http:\/\/rainer-rubbert.de\/wordpress\/wp-content\/uploads\/2015\/02\/V.png\"><img loading=\"lazy\" decoding=\"async\" class=\"alignnone wp-image-398\" src=\"http:\/\/rainer-rubbert.de\/wordpress\/wp-content\/uploads\/2015\/02\/V.png\" alt=\"V\" width=\"18\" height=\"18\" \/><\/a>\u00a0 Video<\/strong><\/p>\n<p><strong>Dies sind ausgew\u00e4hlte Audio- und Videoaufnahmen, sortiert nach<\/strong><br \/>\n<strong><br \/>\n<\/strong><strong><span style=\"color: #993366;\">&#8211; Gr\u00f6\u00dfere Besetzungen<\/span><br \/>\n<span style=\"color: #993366;\">&#8211; Vokalmusik<\/span><\/strong><br \/>\n<span style=\"color: #993366;\"><strong>&#8211; Kleine Besetzungen <\/strong><\/span>und<br \/>\n<span style=\"color: #993366;\"><strong>&#8211; Solowerke\u00a0<\/strong><\/span><\/p>\n<p><em>Unter <\/em><strong>Werke <\/strong><em>sind &#8211; chronologisch absteigend &#8211; Partiturausschnitte <a href=\"http:\/\/rainer-rubbert.de\/wordpress\/wp-content\/uploads\/2015\/02\/P.png\"><img loading=\"lazy\" decoding=\"async\" class=\"alignnone wp-image-399\" src=\"http:\/\/rainer-rubbert.de\/wordpress\/wp-content\/uploads\/2015\/02\/P.png\" alt=\"\" width=\"18\" height=\"18\" \/><\/a> \u00a0<\/em><em>und ggf. Texte <a href=\"http:\/\/rainer-rubbert.de\/wordpress\/wp-content\/uploads\/2015\/02\/T.png\"><img loading=\"lazy\" decoding=\"async\" class=\"alignnone wp-image-397\" src=\"http:\/\/rainer-rubbert.de\/wordpress\/wp-content\/uploads\/2015\/02\/T.png\" alt=\"\" width=\"18\" height=\"18\" \/><\/a> zu finden.<br \/>\n<\/em><strong>________________________________________________________________<\/strong><\/p>\n<p><span style=\"color: #993366;\"><strong>Gr\u00f6\u00dfere Besetzungen:<\/strong><\/span><\/p>\n<p><strong>D\u00e4mmerung<\/strong>\u00a0f\u00fcr Ensemble (Cr., Perc., Pft., Vla., Vc., Kb)\u00a0 (2022)\u00a0<em><a href=\"https:\/\/youtu.be\/AsTK76sWKB4\"><img loading=\"lazy\" decoding=\"async\" class=\"alignnone wp-image-398\" src=\"http:\/\/rainer-rubbert.de\/wordpress\/wp-content\/uploads\/2015\/02\/V.png\" alt=\"V\" width=\"18\" height=\"18\" \/><\/a><\/em><strong><br \/>\n<\/strong><em><span style=\"color: #607520;\">ECHO-Ensemble | Ltg.: Manuel Nawri<\/span><br \/>\n________________________________________________________________<br \/>\n<\/em><\/p>\n<p><strong>Concertino <\/strong>f\u00fcr Altsaxophon in Es, Klavier, Streicher und Schlagzeug<br \/>\nI. Introduzione, calmo | II. Allegro\u00a0 <a href=\"http:\/\/rainer-rubbert.de\/wordpress\/wp-content\/uploads\/2020\/02\/01-Titel-01-4.m4a\"><img loading=\"lazy\" decoding=\"async\" class=\"alignnone wp-image-396\" src=\"http:\/\/rainer-rubbert.de\/wordpress\/wp-content\/uploads\/2015\/02\/A.png\" alt=\"A\" width=\"18\" height=\"18\" \/><\/a><br \/>\n<em><span style=\"color: #808000;\">Ulrich Krieger | Universal-Ensemble | Ltg: Gerald Humel<\/span><br \/>\n<\/em>________________________________________________________________<\/p>\n<p><b>Gegenwelten <\/b>f\u00fcr gro\u00dfes Orchester\u00a0<a href=\"http:\/\/rainer-rubbert.de\/wordpress\/wp-content\/uploads\/2020\/02\/Gegenwelten.mp3\"><img loading=\"lazy\" decoding=\"async\" class=\"alignnone wp-image-396\" src=\"http:\/\/rainer-rubbert.de\/wordpress\/wp-content\/uploads\/2015\/02\/A.png\" alt=\"A\" width=\"18\" height=\"18\" \/><\/a><em><br \/>\n<span style=\"color: #808000;\">Erlanger Kammerorchester | Ltg.: Ulrich Kobilke<\/span><br \/>\n<\/em>________________________________________________________________<br \/>\n<strong><br \/>\nW\u00fcste Fruchtbarkeit<\/strong><br \/>\nf\u00fcr Englisch Horn, Horn, Schlagzeug, Violoncello, Kontrabass, Klavier und Solo-Violine <a href=\"http:\/\/rainer-rubbert.de\/wordpress\/wp-content\/uploads\/2020\/03\/W\u00fcste-Fruchtbarkeit-II-ohne-Applaus.mp3\"><img loading=\"lazy\" decoding=\"async\" class=\"alignnone wp-image-396\" src=\"http:\/\/rainer-rubbert.de\/wordpress\/wp-content\/uploads\/2015\/02\/A.png\" alt=\"A\" width=\"18\" height=\"18\" \/><\/a><em><span style=\"line-height: 1.5;\"><span style=\"color: #808000;\">Ensemble Junge Musik | Ltg.: Helmut Zapf | Solo-Violine: Susanne Zapf<br \/>\n________________________________________________________________<br \/>\n<\/span><\/span><\/em><span style=\"line-height: 1.5;\"><span style=\"color: #808000;\"><span style=\"color: #000000;\"><strong><br \/>\nBewegungen\u00a0<\/strong>f\u00fcr 37 Streichinstrumente <a href=\"http:\/\/rainer-rubbert.de\/wordpress\/wp-content\/uploads\/2020\/03\/Bewegungen-Siegerland-Orchster.mp3\"><img loading=\"lazy\" decoding=\"async\" class=\"alignnone wp-image-396\" src=\"http:\/\/rainer-rubbert.de\/wordpress\/wp-content\/uploads\/2015\/02\/A.png\" alt=\"\" width=\"19\" height=\"19\" \/><\/a><\/span><\/span><\/span><em><span style=\"line-height: 1.5;\"><span style=\"color: #808000;\"><br \/>\nBerliner Philharmonisches Orchester | Leitung.: Reinhard Peters<\/span><br \/>\n<\/span><\/em>________________________________________________________________<\/p>\n<p><strong>Suburban Chants<br \/>\n<\/strong>f\u00fcr Fl\u0650\u00f6te, Klarinette, Violine, Viola, Violoncello und Klavier<br \/>\nI.\u00a0 Tagst\u00fcck\u00a0 <a href=\"https:\/\/youtu.be\/lTDUCXuYGK0\"><img loading=\"lazy\" decoding=\"async\" class=\"alignnone wp-image-398\" src=\"http:\/\/rainer-rubbert.de\/wordpress\/wp-content\/uploads\/2015\/02\/V.png\" alt=\"\" width=\"18\" height=\"18\" \/> \u00a0<\/a>II. Nachtst\u00fcck \u00a0<a href=\"https:\/\/youtu.be\/9uhfQ0CNl_U\"><img loading=\"lazy\" decoding=\"async\" class=\"alignnone wp-image-398\" src=\"http:\/\/rainer-rubbert.de\/wordpress\/wp-content\/uploads\/2015\/02\/V.png\" alt=\"\" width=\"18\" height=\"18\" \/><\/a><br \/>\n<span style=\"color: #808000;\"><em>Modern Art Ensemble<\/em><\/span><br \/>\n<strong>________________________________________________________________<\/strong><\/p>\n<p><strong><span style=\"color: #993366;\">Vokalmusik:<\/span><\/strong><\/p>\n<p><strong>Out of the Blue<\/strong> (2021) [Text: Tanja Langer] f\u00fcr Sopran und fixed media <em><a style=\"color: #ea9629; text-decoration-line: underline; outline: 0px;\" href=\"https:\/\/youtu.be\/qo1gYDO4lEU\"><img loading=\"lazy\" decoding=\"async\" class=\"alignnone wp-image-398\" src=\"http:\/\/rainer-rubbert.de\/wordpress\/wp-content\/uploads\/2015\/02\/V.png\" alt=\"V\" width=\"18\" height=\"18\" \/><\/a><\/em><br \/>\n<span style=\"color: #808000;\"><em>Viktoriia Vitrenko<br \/>\n<\/em><\/span><strong><span style=\"color: #993366;\">________________________________________________________________<\/span><\/strong><\/p>\n<p><strong>Kleist Oper <\/strong>[Ausschnitte]<br \/>\nWir sind zwei dunkle Sterne\u00a0 <a href=\"http:\/\/rainer-rubbert.de\/wordpress\/wp-content\/uploads\/2020\/03\/Wir-sind-zwei-dunkle-Sterne.mp3\"><img loading=\"lazy\" decoding=\"async\" class=\"alignnone wp-image-396\" src=\"http:\/\/rainer-rubbert.de\/wordpress\/wp-content\/uploads\/2015\/02\/A.png\" alt=\"\" width=\"18\" height=\"18\" \/><\/a><br \/>\nNur der Bettler hat erkannt &#8230;\u00a0 <a href=\"http:\/\/rainer-rubbert.de\/wordpress\/wp-content\/uploads\/2020\/03\/Kleist_-Nur-der-Bettler-hat-erkannt-....mp3\"><img loading=\"lazy\" decoding=\"async\" class=\"alignnone wp-image-396\" src=\"http:\/\/rainer-rubbert.de\/wordpress\/wp-content\/uploads\/2015\/02\/A.png\" alt=\"\" width=\"18\" height=\"18\" \/><\/a><br \/>\nKnie nieder &#8230; | Es ist die Welt &#8230; | Du kamst mich niemals .. . <a href=\"http:\/\/rainer-rubbert.de\/wordpress\/wp-content\/uploads\/2020\/03\/Kleist_-Knie-nieder-...-_-Es-ist-die-Welt-...-_-Du-kamst-mich-niemals.mp3\"><img loading=\"lazy\" decoding=\"async\" class=\"alignnone wp-image-396\" src=\"http:\/\/rainer-rubbert.de\/wordpress\/wp-content\/uploads\/2015\/02\/A.png\" alt=\"\" width=\"18\" height=\"18\" \/><\/a><br \/>\nEr war der Sch\u00f6nste &#8230; | Die Marquise von O.\u00a0 <a href=\"http:\/\/rainer-rubbert.de\/wordpress\/wp-content\/uploads\/2020\/03\/Er-war-der-Sch\u00f6nste-von-allen-_-Marquise-von-O..mp3\"><img loading=\"lazy\" decoding=\"async\" class=\"alignnone wp-image-396\" src=\"http:\/\/rainer-rubbert.de\/wordpress\/wp-content\/uploads\/2015\/02\/A.png\" alt=\"\" width=\"18\" height=\"18\" \/><\/a><br \/>\nW\u00e4r ich ein Mann &#8230; | Abschied Kleist\/Pfuel\u00a0 <a href=\"http:\/\/rainer-rubbert.de\/wordpress\/wp-content\/uploads\/2020\/03\/W\u00e4r-ich-ein-Mann-Ulrike-_-Abschied-Kleist-Pfuel.mp3\"><img loading=\"lazy\" decoding=\"async\" class=\"alignnone wp-image-396\" src=\"http:\/\/rainer-rubbert.de\/wordpress\/wp-content\/uploads\/2015\/02\/A.png\" alt=\"\" width=\"18\" height=\"18\" \/><\/a><br \/>\n<span style=\"color: #808000;\"><em>(alle Details und Videoausschnitte<\/em><\/span> <strong>\u2192<a href=\"http:\/\/rainer-rubbert.de\/wordpress\/oper\/\"> siehe Oper<\/a><\/strong>)<br \/>\n________________________________________________________________<\/p>\n<p><strong>Surging | Expanse <\/strong>f\u00fcr Frauenchor und Harfe (Ausschnitt) <a href=\"http:\/\/rainer-rubbert.de\/wordpress\/wp-content\/uploads\/2020\/03\/Surging-Expanse-Ausschnitt.mp3\"><img loading=\"lazy\" decoding=\"async\" class=\"alignnone wp-image-396\" src=\"http:\/\/rainer-rubbert.de\/wordpress\/wp-content\/uploads\/2015\/02\/A.png\" alt=\"\" width=\"18\" height=\"18\" \/><\/a><em><br \/>\n<span style=\"color: #808000;\">Berliner Frauen-Vokalensemble | Ltg.: Lothar Knappe | Katharina Hanstedt<\/span><br \/>\n<\/em>________________________________________________________________<\/p>\n<p><b>Das 1. Gebot <\/b>f\u00fcr Tenor, Bariton, Violoncello u. Orgel<br \/>\n1. Ich bin der Herr, dein Gott \u00a0<a href=\"http:\/\/rainer-rubbert.de\/wordpress\/wp-content\/uploads\/2020\/02\/01-Ich-bin-der-Herr-dein-Gott.mp3\"><img loading=\"lazy\" decoding=\"async\" class=\"alignnone wp-image-396\" src=\"http:\/\/rainer-rubbert.de\/wordpress\/wp-content\/uploads\/2015\/02\/A.png\" alt=\"A\" width=\"18\" height=\"18\" \/>\u00a0<\/a><br \/>\n3. Aber Mein Volk hat nicht auf Meine Stimme geh\u00f6rt <a href=\"http:\/\/rainer-rubbert.de\/wordpress\/wp-content\/uploads\/2020\/02\/03-Aber-mein-Volk....mp3\"><img loading=\"lazy\" decoding=\"async\" class=\"alignnone wp-image-396\" src=\"http:\/\/rainer-rubbert.de\/wordpress\/wp-content\/uploads\/2015\/02\/A.png\" alt=\"A\" width=\"18\" height=\"18\" \/><\/a><br \/>\n5. Und du sollst deinen Herrn, deinen Gott lieben <a href=\"http:\/\/rainer-rubbert.de\/wordpress\/wp-content\/uploads\/2020\/02\/05-Denn-du-sollst-deinen-Herrn....mp3\"><img loading=\"lazy\" decoding=\"async\" class=\"alignnone wp-image-396\" src=\"http:\/\/rainer-rubbert.de\/wordpress\/wp-content\/uploads\/2015\/02\/A.png\" alt=\"A\" width=\"18\" height=\"18\" \/><\/a><br \/>\n<em><span style=\"color: #808000;\">Thaisen Rusch | Philipp Mayer | Marika Gejrot | Lothar Knappe<\/span><br \/>\n<\/em>________________________________________________________________<\/p>\n<p><strong>Hilfe Rufe <\/strong>f\u00fcr Sopran [mit Megaphon], Schlagzeug u. Kontrabass<br \/>\nI. chinesisch \u00a0<a title=\"Hilferufe f\u00fcr Sopran \u2013 chinesisch\" href=\"http:\/\/rainer-rubbert.de\/wordpress\/werke\/hilferufe-fuer-sopran-chinesisch\/\"><img loading=\"lazy\" decoding=\"async\" class=\"alignnone size-full wp-image-398\" src=\"http:\/\/rainer-rubbert.de\/wordpress\/wp-content\/uploads\/2015\/02\/V.png\" alt=\"V\" width=\"18\" height=\"18\" \/>\u00a0<\/a>IV. peul\/wolof \u00a0<a title=\"Hilferufe f\u00fcr Sopran \u2013 peul-wolof\" href=\"http:\/\/rainer-rubbert.de\/wordpress\/werke\/hilferufe-fuer-sopran-peul-wolof\/\"><img loading=\"lazy\" decoding=\"async\" class=\"alignnone size-full wp-image-398\" src=\"http:\/\/rainer-rubbert.de\/wordpress\/wp-content\/uploads\/2015\/02\/V.png\" alt=\"V\" width=\"18\" height=\"18\" \/>\u00a0<\/a> III. englisch \u00a0\u00a0<a href=\"http:\/\/rainer-rubbert.de\/wordpress\/werke\/hilferufe-fuer-sopran-tuerkisch\/\"><img loading=\"lazy\" decoding=\"async\" class=\"alignnone wp-image-398\" src=\"http:\/\/rainer-rubbert.de\/wordpress\/wp-content\/uploads\/2015\/02\/V.png\" alt=\"V\" width=\"18\" height=\"18\" \/><\/a><br \/>\n<span style=\"color: #808000;\"><em>Katia Guedes | Sabrina Ma | Matthias Bauer<\/em><\/span><br \/>\n________________________________________________________________<\/p>\n<p><strong>Ein \u00e4gyptisches Marienleben <\/strong>f\u00fcr Sopran, Alt, Tenor, Bass und Cembalo<br \/>\n1. Mariae Vorleben <a href=\"http:\/\/rainer-rubbert.de\/wordpress\/wp-content\/uploads\/2020\/03\/I.-Mari\u00e4-Vorleben.wav\"><img loading=\"lazy\" decoding=\"async\" class=\"alignnone wp-image-396\" src=\"http:\/\/rainer-rubbert.de\/wordpress\/wp-content\/uploads\/2015\/02\/A.png\" alt=\"A\" width=\"18\" height=\"18\" \/> \u00a0<span style=\"color: #000000;\">2. Mariae Klage <\/span><\/a><a href=\"http:\/\/rainer-rubbert.de\/wordpress\/wp-content\/uploads\/2020\/03\/II.-Mari\u00e4-Klage-klein.mp3\"><img loading=\"lazy\" decoding=\"async\" class=\"alignnone wp-image-396\" src=\"http:\/\/rainer-rubbert.de\/wordpress\/wp-content\/uploads\/2015\/02\/A.png\" alt=\"\" width=\"18\" height=\"18\" \/>\u00a0\u00a0<\/a><span style=\"color: #000000;\">3. Mariae Tod und 4. Mariae Verkl\u00e4rung <a href=\"http:\/\/rainer-rubbert.de\/wordpress\/wp-content\/uploads\/2020\/03\/III.-Mariae-Tod-und-IV.-Mari\u00e4-Verkl\u00e4rung-klein.mp3\"><img loading=\"lazy\" decoding=\"async\" class=\"alignnone wp-image-396\" src=\"http:\/\/rainer-rubbert.de\/wordpress\/wp-content\/uploads\/2015\/02\/A.png\" alt=\"\" width=\"18\" height=\"18\" \/><\/a><br \/>\n<\/span><span style=\"color: #808000;\"><em>Hanna Dora Sturludottir | Sabine Neumann | Eloi Prat I Morgades | Jens Bauditz<br \/>\n<\/em><em>Martin Schneuing<\/em><\/span><em><br \/>\n<\/em>________________________________________________________________<br \/>\n<strong><br \/>\nSieben Gedichte von Renate Halbach <\/strong>f\u00fcr sich selbst begleitende S\u00e4ngerin<br \/>\nIII. Schiffsb\u00e4uche <a title=\"Schiffsb\u00e4uche\" href=\"http:\/\/rainer-rubbert.de\/wordpress\/werke\/schiffsbaeuche-2\/\"><img loading=\"lazy\" decoding=\"async\" class=\"alignnone size-full wp-image-398\" src=\"http:\/\/rainer-rubbert.de\/wordpress\/wp-content\/uploads\/2015\/02\/V.png\" alt=\"V\" width=\"18\" height=\"18\" \/>\u00a0 <\/a>VI. Asche, Asche <a title=\"Asche, Asche\" href=\"http:\/\/rainer-rubbert.de\/wordpress\/medien\/asche-asche\/\"><img loading=\"lazy\" decoding=\"async\" class=\"alignnone size-full wp-image-398\" src=\"http:\/\/rainer-rubbert.de\/wordpress\/wp-content\/uploads\/2015\/02\/V.png\" alt=\"V\" width=\"18\" height=\"18\" \/> \u00a0<\/a>VII. Wie Schnee \u00a0\u00a0<a title=\"Wie Schnee\" href=\"http:\/\/rainer-rubbert.de\/wordpress\/medien\/wie-schnee\/\"><img loading=\"lazy\" decoding=\"async\" class=\"alignnone size-full wp-image-398\" src=\"http:\/\/rainer-rubbert.de\/wordpress\/wp-content\/uploads\/2015\/02\/V.png\" alt=\"V\" width=\"18\" height=\"18\" \/><br \/>\n<\/a><em><span style=\"color: #808000;\">Claudia Herr<\/span><br \/>\n<\/em>________________________________________________________________<\/p>\n<p><strong>K\u00fcnstlerinnen <\/strong>Zyklus\/Szenen f\u00fcr Frauenstimme und Klavier (Texte: Tanja Langer)<br \/>\nFrida Kahlo \u2013 Liebeslied an das Leben <a href=\"http:\/\/rainer-rubbert.de\/wordpress\/wp-content\/uploads\/2020\/03\/Frida-Mutter-Fourage.mp3\"><img loading=\"lazy\" decoding=\"async\" class=\"alignnone wp-image-396\" src=\"http:\/\/rainer-rubbert.de\/wordpress\/wp-content\/uploads\/2015\/02\/A.png\" alt=\"\" width=\"18\" height=\"18\" \/><\/a><br \/>\nNiki de Saint Phalle \u2013 F\u00fcrchterlich ist die Braut am Abend <a href=\"http:\/\/rainer-rubbert.de\/wordpress\/wp-content\/uploads\/2020\/03\/Niki-Fourage-.mp3\"><img loading=\"lazy\" decoding=\"async\" class=\"alignnone wp-image-396\" src=\"http:\/\/rainer-rubbert.de\/wordpress\/wp-content\/uploads\/2015\/02\/A.png\" alt=\"\" width=\"18\" height=\"18\" \/><\/a><br \/>\nGermaine Richier \u2013 Je suis la femme <a href=\"http:\/\/rainer-rubbert.de\/wordpress\/wp-content\/uploads\/2020\/03\/Germaine-Fourage.mp3\"><img loading=\"lazy\" decoding=\"async\" class=\"alignnone wp-image-396\" src=\"http:\/\/rainer-rubbert.de\/wordpress\/wp-content\/uploads\/2015\/02\/A.png\" alt=\"\" width=\"18\" height=\"18\" \/><\/a><br \/>\n<em><span style=\"color: #808000;\">Claudia Herr |Martin Schneuing<\/span><br \/>\n<strong>________________________________________________________________<\/strong><br \/>\n<\/em><\/p>\n<p><span style=\"color: #993366;\"><strong>Kleine Besetzungen:<\/strong><\/span><\/p>\n<p><strong>KonzertSt\u00fcck <\/strong>f\u00fcr Horn und Klavier <strong> <a href=\"http:\/\/rainer-rubbert.de\/wordpress\/wp-content\/uploads\/2020\/03\/KonzertSt\u00fcck-ohne-Applaus.mp3\"><img loading=\"lazy\" decoding=\"async\" class=\"alignnone wp-image-396\" src=\"http:\/\/rainer-rubbert.de\/wordpress\/wp-content\/uploads\/2015\/02\/A.png\" alt=\"\" width=\"18\" height=\"18\" \/><\/a><br \/>\n<\/strong><em><span style=\"color: #808000;\">Elena Kakaliagou | Antonis Anissegos<\/span><br \/>\n<\/em>________________________________________________________________<\/p>\n<p><strong><b>Philippe\u2019s gone <\/b><\/strong>Duo f\u00fcr pr\u00e4parierte Gitarre und Violine <a href=\"http:\/\/rainer-rubbert.de\/wordpress\/wp-content\/uploads\/2020\/02\/Philippes-gone.mp3\"><img loading=\"lazy\" decoding=\"async\" class=\"alignnone wp-image-396\" src=\"http:\/\/rainer-rubbert.de\/wordpress\/wp-content\/uploads\/2015\/02\/A.png\" alt=\"A\" width=\"19\" height=\"19\" \/><\/a><em><br \/>\n<span style=\"color: #808000;\">Matthias Leupold | Il-Ryun Chung<\/span><br \/>\n<\/em>________________________________________________________________<br \/>\n<strong><br \/>\n<\/strong><a href=\"http:\/\/rainer-rubbert.de\/wordpress\/wp-content\/uploads\/2020\/03\/Noces-Danses-III-kleiner.mp3\"><span style=\"color: #000000;\"><strong>Noces Danses<\/strong>\u00a0f\u00fcr Fl\u00f6te und Klavier (1999)\u00a0<\/span><\/a><em><a style=\"color: #000000;\" href=\"https:\/\/soundcloud.com\/user526824707\/rainer-rubbert-noces-danses\"><img loading=\"lazy\" decoding=\"async\" class=\"alignnone wp-image-396\" src=\"http:\/\/rainer-rubbert.de\/wordpress\/wp-content\/uploads\/2015\/02\/A.png\" alt=\"A\" width=\"18\" height=\"18\" \/><\/a><\/em><br \/>\n<span style=\"color: #000000;\"><em>\u00a0 \u00a0 \u00a0 \u00a0 \u00a0 \u00a0 \u00a0 \u00a0I. emotionslos | Altfl\u00f6te \u00a0<\/em><\/span><br \/>\n<span style=\"color: #000000;\"><em>\u00a0 \u00a0 \u00a0 \u00a0 \u00a0 \u00a0 \u00a0 \u00a0II. manisch | Piccolo\u00a0\u00a0<\/em><\/span><br \/>\n<span style=\"color: #000000;\"><em>\u00a0 \u00a0 \u00a0 \u00a0 \u00a0 \u00a0 \u00a0 \u00a0III. unterk\u00fchlt, sehr ruhig | Bassfl\u00f6te\u00a0\u00a0<\/em><\/span><br \/>\n<span style=\"color: #000000;\"><em>\u00a0 \u00a0 \u00a0 \u00a0 \u00a0 \u00a0 \u00a0 \u00a0IV. zusammen | gro\u00dfe Fl\u00f6te \u00a0<\/em><\/span><em><br \/>\n<span style=\"color: #808000;\">Klaus Sch\u00f6pp | Yoriko Ikeya<\/span><\/em><em><br \/>\n<\/em>________________________________________________________________<\/p>\n<p><strong><span style=\"color: #000000;\">URBAN MUSIC<\/span><\/strong> f\u00fcr verst\u00e4rktes Saxophonquartett\u00a0 <a href=\"http:\/\/rainer-rubbert.de\/wordpress\/wp-content\/uploads\/2020\/03\/URBAN-MUSIC.mp3\"><img loading=\"lazy\" decoding=\"async\" class=\"alignnone wp-image-396\" src=\"http:\/\/rainer-rubbert.de\/wordpress\/wp-content\/uploads\/2015\/02\/A.png\" alt=\"\" width=\"18\" height=\"18\" \/><\/a><br \/>\n<span style=\"color: #808000;\"><em>BSQ &#8211; Berliner Saxophon Quartett<br \/>\n<\/em><\/span>________________________________________________________________<\/p>\n<p><strong>Klaviertrio 2013<\/strong>\u00a0\u00a0<a href=\"http:\/\/rainer-rubbert.de\/wordpress\/wp-content\/uploads\/2020\/03\/Klaviertrio-2013-Anfang-sauber.mp3\"><img loading=\"lazy\" decoding=\"async\" class=\"alignnone wp-image-396\" src=\"http:\/\/rainer-rubbert.de\/wordpress\/wp-content\/uploads\/2015\/02\/A.png\" alt=\"A\" width=\"18\" height=\"18\" \/><\/a><br \/>\n<em><span style=\"color: #808000;\">Berlin Trio: Christiane Edinger | Llu\u00eds Claret | Klaus Hellwig<\/span><br \/>\n<\/em>________________________________________________________________<\/p>\n<p><strong>Essentials<\/strong> f\u00fcr zwei Akkordeons<strong><br \/>\n<\/strong>I. rubato <a href=\"http:\/\/rainer-rubbert.de\/wordpress\/wp-content\/uploads\/2020\/03\/Essentials-I-2-Akk.-kliener.mp3\"><img loading=\"lazy\" decoding=\"async\" class=\"alignnone wp-image-396\" src=\"http:\/\/rainer-rubbert.de\/wordpress\/wp-content\/uploads\/2015\/02\/A.png\" alt=\"A\" width=\"18\" height=\"18\" \/>\u00a0\u00a0<\/a>III. lento <a href=\"http:\/\/rainer-rubbert.de\/wordpress\/wp-content\/uploads\/2020\/03\/Essentials-III-2-Akk.-kleiner.mp3\"><img loading=\"lazy\" decoding=\"async\" class=\"alignnone wp-image-396\" src=\"http:\/\/rainer-rubbert.de\/wordpress\/wp-content\/uploads\/2015\/02\/A.png\" alt=\"\" width=\"18\" height=\"18\" \/><\/a><strong><br \/>\n<\/strong><em><span style=\"color: #808000;\">Christine Pat\u00e9 | Franka Herwig<br \/>\n________________________________________________________________<br \/>\n<\/span><\/em><span style=\"color: #808000;\"><span style=\"color: #000000;\"><strong><br \/>\nTrois Adieux III\u00a0<\/strong>f\u00fcr 2 Klaviere und 2 Schlagzeuger <a href=\"http:\/\/rainer-rubbert.de\/wordpress\/wp-content\/uploads\/2020\/03\/01-Trois-Adieux-III.mp3\"><img loading=\"lazy\" decoding=\"async\" class=\"alignnone wp-image-396\" src=\"http:\/\/rainer-rubbert.de\/wordpress\/wp-content\/uploads\/2015\/02\/A.png\" alt=\"\" width=\"18\" height=\"18\" \/><\/a><\/span><\/span><em><span style=\"color: #808000;\"><br \/>\nEnsemble BerlinPianoPercussion<\/span><br \/>\n<\/em>________________________________________________________________<\/p>\n<p><b>Idyllen<\/b> f\u00fcr Viola und Violoncello<br \/>\nV. lento <a href=\"http:\/\/rainer-rubbert.de\/wordpress\/wp-content\/uploads\/2020\/02\/06-Idyllen-V.m4a\"><img loading=\"lazy\" decoding=\"async\" class=\"alignnone wp-image-396\" src=\"http:\/\/rainer-rubbert.de\/wordpress\/wp-content\/uploads\/2015\/02\/A.png\" alt=\"A\" width=\"18\" height=\"18\" \/><br \/>\n<\/a><em><span style=\"color: #808000;\">Pytagoras-Trio<\/span><br \/>\n<strong>________________________________________________________________<\/strong><\/em><\/p>\n<p><span style=\"color: #800080;\"><strong>Solowerke:<\/strong><\/span><\/p>\n<p><strong>&#8230;cette obscure clart\u00e9 qui tombe des \u00e9toiles (RWV 1088) <\/strong>f\u00fcr Klavier\u00a0<em><br \/>\n<span style=\"color: #808000;\">Martin Schneuing \u00a0<a style=\"color: #808000;\" title=\"cette obscure clart\u00e9\" href=\"http:\/\/rainer-rubbert.de\/wordpress\/medien\/cette-obscure-clarte\/\"><img loading=\"lazy\" decoding=\"async\" class=\"alignnone size-full wp-image-398\" src=\"http:\/\/rainer-rubbert.de\/wordpress\/wp-content\/uploads\/2015\/02\/V.png\" alt=\"V\" width=\"18\" height=\"18\" \/><\/a> | Nadezhda Zelujkina <a style=\"color: #808000;\" href=\"http:\/\/rainer-rubbert.de\/wordpress\/wp-content\/uploads\/2020\/03\/cette-obscure-clart\u00e9-Nadeshda-ohne-Applaus.mp3\"><img loading=\"lazy\" decoding=\"async\" class=\"alignnone wp-image-396\" src=\"http:\/\/rainer-rubbert.de\/wordpress\/wp-content\/uploads\/2015\/02\/A.png\" alt=\"\" width=\"18\" height=\"18\" \/><\/a><\/span><br \/>\n<\/em>________________________________________________________________<\/p>\n<p><strong>Paris is burning <\/strong>f\u00fcr Tenorsaxophon und Live-Elektronik (2000)\u00a0<a href=\"http:\/\/rainer-rubbert.de\/wordpress\/wp-content\/uploads\/2020\/03\/Paris-is-burning-kleiner.mp3\"><img loading=\"lazy\" decoding=\"async\" class=\"alignnone wp-image-396\" src=\"http:\/\/rainer-rubbert.de\/wordpress\/wp-content\/uploads\/2015\/02\/A.png\" alt=\"A\" width=\"18\" height=\"18\" \/><\/a><br \/>\n<em><span style=\"color: #808000;\">Ulrich Krieger<\/span><br \/>\n<\/em>________________________________________________________________<\/p>\n<p><strong>Toccata <\/strong>f\u00fcr Klarinette solo <a href=\"http:\/\/rainer-rubbert.de\/wordpress\/wp-content\/uploads\/2020\/02\/02-Toccata-f\u00fcr-Klarinette.m4a\"><img loading=\"lazy\" decoding=\"async\" class=\"alignnone wp-image-396\" src=\"http:\/\/rainer-rubbert.de\/wordpress\/wp-content\/uploads\/2015\/02\/A.png\" alt=\"A\" width=\"18\" height=\"18\" \/><\/a><br \/>\n<em><span style=\"color: #808000;\">Matthias Badczong<\/span><br \/>\n<\/em>________________________________________________________________<\/p>\n<p><strong>Shortcuts <\/strong>f\u00fcr Harfe solo<em><br \/>\n<\/em>I.\u00a0 II. III. <a href=\"http:\/\/rainer-rubbert.de\/wordpress\/wp-content\/uploads\/2020\/03\/Shortcuts-I-II-III-cut.mp3\"><img loading=\"lazy\" decoding=\"async\" class=\"alignnone wp-image-396\" src=\"http:\/\/rainer-rubbert.de\/wordpress\/wp-content\/uploads\/2015\/02\/A.png\" alt=\"\" width=\"18\" height=\"18\" \/><\/a><br \/>\n<span style=\"color: #808000;\"><em>Katharina Hanstedt<\/em><\/span><br \/>\n________________________________________________________________<\/p>\n<p><strong>Musique pour d\u00e9courager les rossignols <\/strong>f\u00fcr singende Altblockfl\u00f6tistin\u00a0<a href=\"http:\/\/rainer-rubbert.de\/wordpress\/wp-content\/uploads\/2020\/03\/Musique-pour-d\u00e9courager-les-rossignols-Schluss-kurz-und-leise.mp3\"><img loading=\"lazy\" decoding=\"async\" class=\"alignnone wp-image-396\" src=\"http:\/\/rainer-rubbert.de\/wordpress\/wp-content\/uploads\/2015\/02\/A.png\" alt=\"A\" width=\"18\" height=\"18\" \/><\/a>\u00a0<a href=\"http:\/\/rainer-rubbert.de\/wordpress\/rossignol\/\"><img loading=\"lazy\" decoding=\"async\" class=\"alignnone wp-image-398\" src=\"http:\/\/rainer-rubbert.de\/wordpress\/wp-content\/uploads\/2015\/02\/V.png\" alt=\"\" width=\"18\" height=\"18\" \/><\/a><br \/>\n<em><span style=\"color: #808000;\">Gaby Bultmann<\/span><br \/>\n________________________________________________________________<\/em><\/p>\n<p><strong>Fra Snowdens tid <\/strong>f\u00fcr pr\u00e4parierte Gitarre<br \/>\nI. <a href=\"http:\/\/rainer-rubbert.de\/wordpress\/wp-content\/uploads\/2020\/03\/Fra-Snowdens-tid-I.-fade.mp3\"><img loading=\"lazy\" decoding=\"async\" class=\"alignnone wp-image-396\" src=\"http:\/\/rainer-rubbert.de\/wordpress\/wp-content\/uploads\/2015\/02\/A.png\" alt=\"\" width=\"18\" height=\"18\" \/> <\/a><a href=\"https:\/\/youtu.be\/FPBw7r7_ICg\"><img loading=\"lazy\" decoding=\"async\" class=\"alignnone wp-image-398\" src=\"http:\/\/rainer-rubbert.de\/wordpress\/wp-content\/uploads\/2015\/02\/V.png\" alt=\"\" width=\"18\" height=\"18\" \/><\/a><br \/>\n<span style=\"color: #808000;\"><em>Ole Martin Huser-Olsen<\/em><\/span><br \/>\n________________________________________________________________<\/p>\n<p><strong>Klavierst\u00fccke<\/strong> <strong>RWV 1087<\/strong><br \/>\nI. calmo, liberamente <a href=\"http:\/\/rainer-rubbert.de\/wordpress\/wp-content\/uploads\/2020\/03\/RWV-1087-I-kleiner.mp3\"><img loading=\"lazy\" decoding=\"async\" class=\"alignnone wp-image-396\" src=\"http:\/\/rainer-rubbert.de\/wordpress\/wp-content\/uploads\/2015\/02\/A.png\" alt=\"\" width=\"18\" height=\"18\" \/>\u00a0\u00a0<\/a>II. Lento <a href=\"http:\/\/rainer-rubbert.de\/wordpress\/wp-content\/uploads\/2020\/03\/RWV-1087-II-kleiner.mp3\"><img loading=\"lazy\" decoding=\"async\" class=\"alignnone wp-image-396\" src=\"http:\/\/rainer-rubbert.de\/wordpress\/wp-content\/uploads\/2015\/02\/A.png\" alt=\"A\" width=\"18\" height=\"18\" \/>\u00a0\u00a0<\/a>III. senza tempo <a href=\"http:\/\/rainer-rubbert.de\/wordpress\/wp-content\/uploads\/2020\/03\/RWV-1087-III-kleiner.mp3\"><img loading=\"lazy\" decoding=\"async\" class=\"alignnone wp-image-396\" src=\"http:\/\/rainer-rubbert.de\/wordpress\/wp-content\/uploads\/2015\/02\/A.png\" alt=\"\" width=\"18\" height=\"18\" \/><\/a><br \/>\n<em style=\"line-height: 1.5;\"><span style=\"color: #808000;\">Renata Kemp<\/span><br \/>\n<\/em>________________________________________________________________<\/p>\n<p><strong>Musik in vier S\u00e4tzen<br \/>\n<\/strong>f\u00fcr Fl\u00f6te allein<br \/>\nII. Prestissimo <a href=\"http:\/\/rainer-rubbert.de\/wordpress\/wp-content\/uploads\/2020\/03\/Musik-in-vier-Saetzen-2.mp3\"><img loading=\"lazy\" decoding=\"async\" class=\"alignnone wp-image-396\" src=\"http:\/\/rainer-rubbert.de\/wordpress\/wp-content\/uploads\/2015\/02\/A.png\" alt=\"\" width=\"18\" height=\"18\" \/>\u00a0\u00a0<\/a>III. sempre legato <a href=\"http:\/\/rainer-rubbert.de\/wordpress\/wp-content\/uploads\/2020\/03\/Musik-in-vier-Saetzen-3.mp3\"><img loading=\"lazy\" decoding=\"async\" class=\"alignnone wp-image-396\" src=\"http:\/\/rainer-rubbert.de\/wordpress\/wp-content\/uploads\/2015\/02\/A.png\" alt=\"\" width=\"18\" height=\"18\" \/><\/a><br \/>\n<em><span style=\"color: #808000;\">Klaus Sch\u00f6pp<\/span><br \/>\n<\/em>________________________________________________________________<\/p>\n<p>&nbsp;<\/p>\n<p class=\"small\"><em>Es gelten die Vorschriften des deutschen Urheberrechts in seiner jeweiligen Fassung. Alle Rechte der Urheber an den gesch\u00fctzten Werken, die auf der Website enthalten sind, bleiben vorbehalten. Ohne ausdr\u00fcckliche Genehmigung durch die GEMA darf eine weitergehende Nutzung der Werke, \u00fcber das Anh\u00f6ren der eingestellten Musikwerke hinaus, nicht erfolgen.<\/em><\/p>\n","protected":false},"excerpt":{"rendered":"<p>&nbsp; \u00a0Audio \u00a0 Video Dies sind ausgew\u00e4hlte Audio- und Videoaufnahmen, sortiert nach &#8211; Gr\u00f6\u00dfere Besetzungen &#8211; Vokalmusik &#8211; Kleine Besetzungen und &#8211; Solowerke\u00a0 Unter Werke sind &#8211; chronologisch absteigend &#8211; Partiturausschnitte \u00a0und ggf. Texte zu finden. ________________________________________________________________ Gr\u00f6\u00dfere Besetzungen: D\u00e4mmerung\u00a0f\u00fcr Ensemble (Cr., Perc., Pft., Vla., Vc., Kb)\u00a0 (2022)\u00a0 ECHO-Ensemble | Ltg.: Manuel Nawri ________________________________________________________________ Concertino &hellip; <a href=\"https:\/\/rainer-rubbert.de\/wordpress\/medien\/\" class=\"more-link\"><span class=\"screen-reader-text\">Audio | Video<\/span> weiterlesen <span class=\"meta-nav\">&rarr;<\/span><\/a><\/p>\n","protected":false},"author":1,"featured_media":0,"parent":0,"menu_order":0,"comment_status":"closed","ping_status":"open","template":"","meta":{"footnotes":""},"_links":{"self":[{"href":"https:\/\/rainer-rubbert.de\/wordpress\/wp-json\/wp\/v2\/pages\/39"}],"collection":[{"href":"https:\/\/rainer-rubbert.de\/wordpress\/wp-json\/wp\/v2\/pages"}],"about":[{"href":"https:\/\/rainer-rubbert.de\/wordpress\/wp-json\/wp\/v2\/types\/page"}],"author":[{"embeddable":true,"href":"https:\/\/rainer-rubbert.de\/wordpress\/wp-json\/wp\/v2\/users\/1"}],"replies":[{"embeddable":true,"href":"https:\/\/rainer-rubbert.de\/wordpress\/wp-json\/wp\/v2\/comments?post=39"}],"version-history":[{"count":141,"href":"https:\/\/rainer-rubbert.de\/wordpress\/wp-json\/wp\/v2\/pages\/39\/revisions"}],"predecessor-version":[{"id":2041,"href":"https:\/\/rainer-rubbert.de\/wordpress\/wp-json\/wp\/v2\/pages\/39\/revisions\/2041"}],"wp:attachment":[{"href":"https:\/\/rainer-rubbert.de\/wordpress\/wp-json\/wp\/v2\/media?parent=39"}],"curies":[{"name":"wp","href":"https:\/\/api.w.org\/{rel}","templated":true}]}}